{"id":8099,"date":"2025-01-16T14:14:58","date_gmt":"2025-01-16T13:14:58","guid":{"rendered":"https:\/\/www.museeducar.fr\/?page_id=8099"},"modified":"2025-01-22T10:14:22","modified_gmt":"2025-01-22T09:14:22","slug":"access-the-museum","status":"publish","type":"page","link":"https:\/\/www.museeducar.fr\/en\/access-the-museum\/","title":{"rendered":"Access the museum"},"content":{"rendered":"\t\t<div data-elementor-type=\"wp-page\" data-elementor-id=\"8099\" class=\"elementor elementor-8099\" data-elementor-post-type=\"page\">\n\t\t\t\t\t\t<section class=\"elementor-section elementor-top-section elementor-element elementor-element-6e9e864b elementor-section-stretched elementor-section-boxed elementor-section-height-default elementor-section-height-default\" data-id=\"6e9e864b\" data-element_type=\"section\" data-settings=\"{&quot;stretch_section&quot;:&quot;section-stretched&quot;,&quot;background_background&quot;:&quot;classic&quot;}\">\n\t\t\t\t\t\t<div class=\"elementor-container elementor-column-gap-default\">\n\t\t\t\t\t<div class=\"elementor-column elementor-col-100 elementor-top-column elementor-element elementor-element-6277d4f6\" data-id=\"6277d4f6\" data-element_type=\"column\">\n\t\t\t<div class=\"elementor-widget-wrap elementor-element-populated\">\n\t\t\t\t\t\t<div class=\"elementor-element elementor-element-5d43eef6 elementor-widget elementor-widget-heading\" data-id=\"5d43eef6\" data-element_type=\"widget\" data-widget_type=\"heading.default\">\n\t\t\t\t<div class=\"elementor-widget-container\">\n\t\t\t\t\t<h1 class=\"elementor-heading-title elementor-size-xxl\">Access the museum<\/h1>\t\t\t\t<\/div>\n\t\t\t\t<\/div>\n\t\t\t\t\t<\/div>\n\t\t<\/div>\n\t\t\t\t\t<\/div>\n\t\t<\/section>\n\t\t\t\t<section class=\"elementor-section elementor-top-section elementor-element elementor-element-7a10435a elementor-section-boxed elementor-section-height-default elementor-section-height-default\" data-id=\"7a10435a\" data-element_type=\"section\">\n\t\t\t\t\t\t<div class=\"elementor-container elementor-column-gap-default\">\n\t\t\t\t\t<div class=\"elementor-column elementor-col-100 elementor-top-column elementor-element elementor-element-49460b5b\" data-id=\"49460b5b\" data-element_type=\"column\">\n\t\t\t<div class=\"elementor-widget-wrap elementor-element-populated\">\n\t\t\t\t\t\t<div class=\"elementor-element elementor-element-77c7dd7 elementor-headline--style-highlight elementor-widget elementor-widget-animated-headline\" data-id=\"77c7dd7\" data-element_type=\"widget\" data-settings=\"{&quot;marker&quot;:&quot;underline&quot;,&quot;highlighted_text&quot;:&quot;visit us&quot;,&quot;headline_style&quot;:&quot;highlight&quot;,&quot;loop&quot;:&quot;yes&quot;,&quot;highlight_animation_duration&quot;:1200,&quot;highlight_iteration_delay&quot;:8000}\" data-widget_type=\"animated-headline.default\">\n\t\t\t\t<div class=\"elementor-widget-container\">\n\t\t\t\t\t\t\t<h2 class=\"elementor-headline\">\n\t\t\t\t\t<span class=\"elementor-headline-plain-text elementor-headline-text-wrapper\">To<\/span>\n\t\t\t\t<span class=\"elementor-headline-dynamic-wrapper elementor-headline-text-wrapper\">\n\t\t\t\t\t<span class=\"elementor-headline-dynamic-text elementor-headline-text-active\">visit us<\/span>\n\t\t\t\t<\/span>\n\t\t\t\t<\/h2>\n\t\t\t\t\t\t<\/div>\n\t\t\t\t<\/div>\n\t\t\t\t<div class=\"elementor-element elementor-element-70e6e687 elementor-widget elementor-widget-image\" data-id=\"70e6e687\" data-element_type=\"widget\" data-widget_type=\"image.default\">\n\t\t\t\t<div class=\"elementor-widget-container\">\n\t\t\t\t\t\t\t\t\t\t\t\t\t\t\t<img decoding=\"async\" width=\"180\" height=\"48\" src=\"https:\/\/www.museeducar.fr\/wp-content\/uploads\/2023\/01\/separateur-icone-musee-vehicule-ancien-isobloc.png\" class=\"attachment-full size-full wp-image-5412\" alt=\"\" \/>\t\t\t\t\t\t\t\t\t\t\t\t\t\t\t<\/div>\n\t\t\t\t<\/div>\n\t\t\t\t<div class=\"elementor-element elementor-element-5f373a7 elementor-widget elementor-widget-text-editor\" data-id=\"5f373a7\" data-element_type=\"widget\" data-widget_type=\"text-editor.default\">\n\t\t\t\t<div class=\"elementor-widget-container\">\n\t\t\t\t\t\t\t\t\t<p style=\"text-align: center;\">The Coach Museum is located 1 hour from Lyon (A7 exit Chanas) and Saint-Etienne.<br>The Museum visit takes place <strong>on 2 sites (EJB1 + EJB2)<\/strong> for a duration of 1h30.<\/p>\n<p style=\"text-align: center;\"><span style=\"text-decoration: underline;\"><strong>This one starts with L\u2019Espace Joseph Besset n\u00b01<br>The address is : 227 rue des Marronniers 07690 Vanosc<br><\/strong><\/span><\/p>\n<h2 style=\"font-size: 20px; text-align: center; margin-top: 40px; margin-bottom: -30px;\">To access the E.J.B.1 Museum (Espace Joseph Besset 1)<\/h2>\t\t\t\t\t\t\t\t<\/div>\n\t\t\t\t<\/div>\n\t\t\t\t\t<\/div>\n\t\t<\/div>\n\t\t\t\t\t<\/div>\n\t\t<\/section>\n\t\t\t\t<section class=\"elementor-section elementor-top-section elementor-element elementor-element-3efe2032 elementor-section-boxed elementor-section-height-default elementor-section-height-default\" data-id=\"3efe2032\" data-element_type=\"section\">\n\t\t\t\t\t\t<div class=\"elementor-container elementor-column-gap-default\">\n\t\t\t\t\t<div class=\"elementor-column elementor-col-25 elementor-top-column elementor-element elementor-element-680ff539\" data-id=\"680ff539\" data-element_type=\"column\">\n\t\t\t<div class=\"elementor-widget-wrap elementor-element-populated\">\n\t\t\t\t\t\t<div class=\"elementor-element elementor-element-3f03b0ca acces-musee elementor-widget elementor-widget-text-editor\" data-id=\"3f03b0ca\" data-element_type=\"widget\" data-widget_type=\"text-editor.default\">\n\t\t\t\t<div class=\"elementor-widget-container\">\n\t\t\t\t\t\t\t\t\t<p style=\"text-align: center;\"><strong>From Annonay (07) &#8211; 11.5 km<\/strong><\/p><p style=\"text-align: center;\"><br \/>&#8211; Leave Annonay towards Puy-en-Velay (D121): 8 km<br \/>&#8211; Cross Villevocance<br \/>&#8211; Turn right at the Villevocance exit (D570) towards Vanosc 3.5 km<br \/>&#8211; At the Vanosc sign, take the first right, direction Burdignes<br \/>&#8211; At the Vanosc exit sign, take the climb on your left to reach E.J.B.1 (start of the visit).<\/p>\t\t\t\t\t\t\t\t<\/div>\n\t\t\t\t<\/div>\n\t\t\t\t\t<\/div>\n\t\t<\/div>\n\t\t\t\t<div class=\"elementor-column elementor-col-25 elementor-top-column elementor-element elementor-element-4b097616\" data-id=\"4b097616\" data-element_type=\"column\">\n\t\t\t<div class=\"elementor-widget-wrap elementor-element-populated\">\n\t\t\t\t\t\t<div class=\"elementor-element elementor-element-3aabf50f acces-musee elementor-widget elementor-widget-text-editor\" data-id=\"3aabf50f\" data-element_type=\"widget\" data-widget_type=\"text-editor.default\">\n\t\t\t\t<div class=\"elementor-widget-container\">\n\t\t\t\t\t\t\t\t\t<p style=\"text-align: center;\"><strong>From Saint-Bonnet-le-Froid (43) \u2013 19.5 km<\/strong><\/p><p style=\"text-align: center;\">&#8211; Cross Saint-Bonnet-le-Froid and follow the D121<br \/>&#8211; Pass the Col des Baraques by continuing on the D121 towards Saint-Julien-Vocance: 8.3 km<br \/>&#8211; Cross the village of Saint-Julien-Vocance<br \/>&#8211; Follow the direction of Villevocance: 9.3 km<br \/>&#8211; At the entrance to Villevocance, take the direction of Vanosc on your left: 3.7 km<br \/>&#8211; At the Vanosc sign, take the first right, direction Burdignes<br \/>&#8211; At the Vanosc exit sign, take the climb on your left to reach E.J.B.1 (start of the visit)<\/p>\t\t\t\t\t\t\t\t<\/div>\n\t\t\t\t<\/div>\n\t\t\t\t\t<\/div>\n\t\t<\/div>\n\t\t\t\t<div class=\"elementor-column elementor-col-25 elementor-top-column elementor-element elementor-element-77b56c8b\" data-id=\"77b56c8b\" data-element_type=\"column\">\n\t\t\t<div class=\"elementor-widget-wrap elementor-element-populated\">\n\t\t\t\t\t\t<div class=\"elementor-element elementor-element-4b5e6ec7 acces-musee elementor-widget elementor-widget-text-editor\" data-id=\"4b5e6ec7\" data-element_type=\"widget\" data-widget_type=\"text-editor.default\">\n\t\t\t\t<div class=\"elementor-widget-container\">\n\t\t\t\t\t\t\t\t\t<p style=\"text-align: center;\"><strong>From Bourg-Argental (42) \u2013 14.5 km<\/strong><\/p><p style=\"text-align: center;\">&#8211; Take the direction of Vanosc, Burdignes by the D29: 6.3 km<br \/>&#8211; Pass the village of Burdignes, take the direction of Vanosc D29 then D570: 8.4 km. Enjoy the panoramic view on your way!!<br \/>&#8211; At the Vanosc sign, in the big bend, take the climb on your right to arrive at EJB1 (start of the visit).<\/p>\t\t\t\t\t\t\t\t<\/div>\n\t\t\t\t<\/div>\n\t\t\t\t\t<\/div>\n\t\t<\/div>\n\t\t\t\t<div class=\"elementor-column elementor-col-25 elementor-top-column elementor-element elementor-element-f9adf9b\" data-id=\"f9adf9b\" data-element_type=\"column\">\n\t\t\t<div class=\"elementor-widget-wrap elementor-element-populated\">\n\t\t\t\t\t\t<div class=\"elementor-element elementor-element-563bb32b acces-musee elementor-widget elementor-widget-text-editor\" data-id=\"563bb32b\" data-element_type=\"widget\" data-widget_type=\"text-editor.default\">\n\t\t\t\t<div class=\"elementor-widget-container\">\n\t\t\t\t\t\t\t\t\t<p style=\"text-align: center;\"><strong>From Riotord (43) \u2013 21.1 km<\/strong><\/p><p style=\"text-align: center;\">&#8211; In the village of Riotord, take the direction of Vanosc<br \/>&#8211; Cross the village of Les S\u00e9toux and pass the Col de la Charousse<br \/>&#8211; Cross the village of Vanosc<br \/>&#8211; Take direction Burdignes on your left before the Vanosc exit sign<br \/>&#8211; At the Vanosc exit sign, take the climb on your left to reach E.J.B.1 (start of the visit)<\/p>\t\t\t\t\t\t\t\t<\/div>\n\t\t\t\t<\/div>\n\t\t\t\t\t<\/div>\n\t\t<\/div>\n\t\t\t\t\t<\/div>\n\t\t<\/section>\n\t\t\t\t<section class=\"elementor-section elementor-top-section elementor-element elementor-element-39b4559d elementor-section-boxed elementor-section-height-default elementor-section-height-default\" data-id=\"39b4559d\" data-element_type=\"section\">\n\t\t\t\t\t\t<div class=\"elementor-container elementor-column-gap-default\">\n\t\t\t\t\t<div class=\"elementor-column elementor-col-100 elementor-top-column elementor-element elementor-element-4239ca4\" data-id=\"4239ca4\" data-element_type=\"column\">\n\t\t\t<div class=\"elementor-widget-wrap elementor-element-populated\">\n\t\t\t\t\t\t<div class=\"elementor-element elementor-element-4af13600 elementor-widget elementor-widget-text-editor\" data-id=\"4af13600\" data-element_type=\"widget\" data-widget_type=\"text-editor.default\">\n\t\t\t\t<div class=\"elementor-widget-container\">\n\t\t\t\t\t\t\t\t\t<p style=\"text-align: center;\"><strong>\u201cCar Museum\u201d signs are located along the roadside in Vanosc.<\/strong><\/p>\n<p style=\"text-align: center;\"><strong>The visit continues to the second EJB2 site 800 meters from the first site. <\/strong><strong>At this point, you get back in your vehicle and go to the second site where the guide is waiting for you.\n<\/strong><\/p>\t\t\t\t\t\t\t\t<\/div>\n\t\t\t\t<\/div>\n\t\t\t\t\t<\/div>\n\t\t<\/div>\n\t\t\t\t\t<\/div>\n\t\t<\/section>\n\t\t\t\t<section class=\"elementor-section elementor-top-section elementor-element elementor-element-793d685e elementor-section-boxed elementor-section-height-default elementor-section-height-default\" data-id=\"793d685e\" data-element_type=\"section\">\n\t\t\t\t\t\t<div class=\"elementor-container elementor-column-gap-default\">\n\t\t\t\t\t<div class=\"elementor-column elementor-col-50 elementor-top-column elementor-element elementor-element-1e1a0e5d\" data-id=\"1e1a0e5d\" data-element_type=\"column\">\n\t\t\t<div class=\"elementor-widget-wrap elementor-element-populated\">\n\t\t\t\t\t\t<div class=\"elementor-element elementor-element-18a83ce8 elementor-widget elementor-widget-image\" data-id=\"18a83ce8\" data-element_type=\"widget\" data-widget_type=\"image.default\">\n\t\t\t\t<div class=\"elementor-widget-container\">\n\t\t\t\t\t\t\t\t\t\t\t\t\t\t\t<img fetchpriority=\"high\" decoding=\"async\" width=\"1037\" height=\"554\" src=\"https:\/\/www.museeducar.fr\/wp-content\/uploads\/2023\/01\/croquis-plan-acces-aux-2-sites.jpg\" class=\"attachment-full size-full wp-image-5529\" alt=\"\" srcset=\"https:\/\/www.museeducar.fr\/wp-content\/uploads\/2023\/01\/croquis-plan-acces-aux-2-sites.jpg 1037w, https:\/\/www.museeducar.fr\/wp-content\/uploads\/2023\/01\/croquis-plan-acces-aux-2-sites-300x160.jpg 300w, https:\/\/www.museeducar.fr\/wp-content\/uploads\/2023\/01\/croquis-plan-acces-aux-2-sites-1024x547.jpg 1024w, https:\/\/www.museeducar.fr\/wp-content\/uploads\/2023\/01\/croquis-plan-acces-aux-2-sites-768x410.jpg 768w, https:\/\/www.museeducar.fr\/wp-content\/uploads\/2023\/01\/croquis-plan-acces-aux-2-sites-958x512.jpg 958w, https:\/\/www.museeducar.fr\/wp-content\/uploads\/2023\/01\/croquis-plan-acces-aux-2-sites-600x321.jpg 600w\" sizes=\"(max-width: 1037px) 100vw, 1037px\" \/>\t\t\t\t\t\t\t\t\t\t\t\t\t\t\t<\/div>\n\t\t\t\t<\/div>\n\t\t\t\t<div class=\"elementor-element elementor-element-3131e1bd elementor-widget elementor-widget-text-editor\" data-id=\"3131e1bd\" data-element_type=\"widget\" data-widget_type=\"text-editor.default\">\n\t\t\t\t<div class=\"elementor-widget-container\">\n\t\t\t\t\t\t\t\t\t<h4 style=\"font-size: 20px; text-align: center; margin-top: 40px;\">GPS coordinates: 45.2264753,4.5520064<\/h4>\t\t\t\t\t\t\t\t<\/div>\n\t\t\t\t<\/div>\n\t\t\t\t\t<\/div>\n\t\t<\/div>\n\t\t\t\t<div class=\"elementor-column elementor-col-50 elementor-top-column elementor-element elementor-element-4dae3b67\" data-id=\"4dae3b67\" data-element_type=\"column\">\n\t\t\t<div class=\"elementor-widget-wrap elementor-element-populated\">\n\t\t\t\t\t\t<div class=\"elementor-element elementor-element-764867c4 elementor-widget elementor-widget-text-editor\" data-id=\"764867c4\" data-element_type=\"widget\" data-widget_type=\"text-editor.default\">\n\t\t\t\t<div class=\"elementor-widget-container\">\n\t\t\t\t\t\t\t\t\t<div style=\"text-align: center;\"><iframe style=\"border: 0; width: 100%; text-align: center;\" src=\"https:\/\/www.google.com\/maps\/embed?pb=!1m18!1m12!1m3!1d2613.640011092862!2d4.552006413540951!3d45.22647533270002!2m3!1f0!2f0!3f0!3m2!1i1024!2i768!4f13.1!3m3!1m2!1s0x0%3A0x3e54f05f2444f21c!2sMus%C3%A9e%20du%20Car%20-%20Espace%20Joseph%20Besset!5e1!3m2!1sfr!2sfr!4v1672126047554!5m2!1sfr!2sfr\" height=\"450\" allowfullscreen=\"allowfullscreen\"><\/iframe><\/div>\t\t\t\t\t\t\t\t<\/div>\n\t\t\t\t<\/div>\n\t\t\t\t\t<\/div>\n\t\t<\/div>\n\t\t\t\t\t<\/div>\n\t\t<\/section>\n\t\t\t\t<section class=\"elementor-section elementor-top-section elementor-element elementor-element-18735025 elementor-section-stretched elementor-section-content-middle elementor-section-boxed elementor-section-height-default elementor-section-height-default\" data-id=\"18735025\" data-element_type=\"section\" data-settings=\"{&quot;stretch_section&quot;:&quot;section-stretched&quot;,&quot;background_background&quot;:&quot;classic&quot;,&quot;background_motion_fx_motion_fx_scrolling&quot;:&quot;yes&quot;,&quot;background_motion_fx_translateY_effect&quot;:&quot;yes&quot;,&quot;background_motion_fx_translateY_speed&quot;:{&quot;unit&quot;:&quot;px&quot;,&quot;size&quot;:8,&quot;sizes&quot;:[]},&quot;background_motion_fx_translateY_affectedRange&quot;:{&quot;unit&quot;:&quot;%&quot;,&quot;size&quot;:&quot;&quot;,&quot;sizes&quot;:{&quot;start&quot;:0,&quot;end&quot;:80}},&quot;background_motion_fx_devices&quot;:[&quot;desktop&quot;,&quot;tablet&quot;,&quot;mobile&quot;]}\">\n\t\t\t\t\t\t<div class=\"elementor-container elementor-column-gap-default\">\n\t\t\t\t\t<div class=\"elementor-column elementor-col-100 elementor-top-column elementor-element elementor-element-3b75c513\" data-id=\"3b75c513\" data-element_type=\"column\">\n\t\t\t<div class=\"elementor-widget-wrap elementor-element-populated\">\n\t\t\t\t\t\t<div class=\"elementor-element elementor-element-10767d76 elementor-headline--style-highlight elementor-widget elementor-widget-animated-headline\" data-id=\"10767d76\" data-element_type=\"widget\" data-settings=\"{&quot;marker&quot;:&quot;underline&quot;,&quot;highlighted_text&quot;:&quot;informations ?&quot;,&quot;headline_style&quot;:&quot;highlight&quot;,&quot;loop&quot;:&quot;yes&quot;,&quot;highlight_animation_duration&quot;:1200,&quot;highlight_iteration_delay&quot;:8000}\" data-widget_type=\"animated-headline.default\">\n\t\t\t\t<div class=\"elementor-widget-container\">\n\t\t\t\t\t\t\t<h2 class=\"elementor-headline\">\n\t\t\t\t\t<span class=\"elementor-headline-plain-text elementor-headline-text-wrapper\">Need more<\/span>\n\t\t\t\t<span class=\"elementor-headline-dynamic-wrapper elementor-headline-text-wrapper\">\n\t\t\t\t\t<span class=\"elementor-headline-dynamic-text elementor-headline-text-active\">informations ?<\/span>\n\t\t\t\t<\/span>\n\t\t\t\t<\/h2>\n\t\t\t\t\t\t<\/div>\n\t\t\t\t<\/div>\n\t\t\t\t<section class=\"elementor-section elementor-inner-section elementor-element elementor-element-1ad98e41 elementor-section-boxed elementor-section-height-default elementor-section-height-default\" data-id=\"1ad98e41\" data-element_type=\"section\">\n\t\t\t\t\t\t<div class=\"elementor-container elementor-column-gap-default\">\n\t\t\t\t\t<div class=\"elementor-column elementor-col-33 elementor-inner-column elementor-element elementor-element-7e5ab76f\" data-id=\"7e5ab76f\" data-element_type=\"column\">\n\t\t\t<div class=\"elementor-widget-wrap elementor-element-populated\">\n\t\t\t\t\t\t<div class=\"elementor-element elementor-element-69f07da3 elementor-align-center elementor-widget__width-auto elementor-widget elementor-widget-button\" data-id=\"69f07da3\" data-element_type=\"widget\" data-widget_type=\"button.default\">\n\t\t\t\t<div class=\"elementor-widget-container\">\n\t\t\t\t\t\t\t\t\t<div class=\"elementor-button-wrapper\">\n\t\t\t\t\t<a class=\"elementor-button elementor-button-link elementor-size-md\" href=\"https:\/\/www.museeducar.fr\/contact-et-reservations\/\">\n\t\t\t\t\t\t<span class=\"elementor-button-content-wrapper\">\n\t\t\t\t\t\t\t\t\t<span class=\"elementor-button-text\">CONTACT &amp; RESERVATIONS<\/span>\n\t\t\t\t\t<\/span>\n\t\t\t\t\t<\/a>\n\t\t\t\t<\/div>\n\t\t\t\t\t\t\t\t<\/div>\n\t\t\t\t<\/div>\n\t\t\t\t\t<\/div>\n\t\t<\/div>\n\t\t\t\t<div class=\"elementor-column elementor-col-33 elementor-inner-column elementor-element elementor-element-65ba0a6d\" data-id=\"65ba0a6d\" data-element_type=\"column\">\n\t\t\t<div class=\"elementor-widget-wrap elementor-element-populated\">\n\t\t\t\t\t\t<div class=\"elementor-element elementor-element-56e5e507 elementor-align-center elementor-widget__width-auto elementor-widget elementor-widget-button\" data-id=\"56e5e507\" data-element_type=\"widget\" data-widget_type=\"button.default\">\n\t\t\t\t<div class=\"elementor-widget-container\">\n\t\t\t\t\t\t\t\t\t<div class=\"elementor-button-wrapper\">\n\t\t\t\t\t<a class=\"elementor-button elementor-button-link elementor-size-md\" href=\"https:\/\/www.museeducar.fr\/tarifs-horaires-de-visite\/\">\n\t\t\t\t\t\t<span class=\"elementor-button-content-wrapper\">\n\t\t\t\t\t\t\t\t\t<span class=\"elementor-button-text\">Prices + hours<\/span>\n\t\t\t\t\t<\/span>\n\t\t\t\t\t<\/a>\n\t\t\t\t<\/div>\n\t\t\t\t\t\t\t\t<\/div>\n\t\t\t\t<\/div>\n\t\t\t\t\t<\/div>\n\t\t<\/div>\n\t\t\t\t<div class=\"elementor-column elementor-col-33 elementor-inner-column elementor-element elementor-element-74ec76e6\" data-id=\"74ec76e6\" data-element_type=\"column\">\n\t\t\t<div class=\"elementor-widget-wrap elementor-element-populated\">\n\t\t\t\t\t\t<div class=\"elementor-element elementor-element-6c0fb33f elementor-align-center elementor-widget__width-auto elementor-widget elementor-widget-button\" data-id=\"6c0fb33f\" data-element_type=\"widget\" data-widget_type=\"button.default\">\n\t\t\t\t<div class=\"elementor-widget-container\">\n\t\t\t\t\t\t\t\t\t<div class=\"elementor-button-wrapper\">\n\t\t\t\t\t<a class=\"elementor-button elementor-button-link elementor-size-md\" href=\"\/stationnements\/\">\n\t\t\t\t\t\t<span class=\"elementor-button-content-wrapper\">\n\t\t\t\t\t\t\t\t\t<span class=\"elementor-button-text\">OUR PARKING LOTS<\/span>\n\t\t\t\t\t<\/span>\n\t\t\t\t\t<\/a>\n\t\t\t\t<\/div>\n\t\t\t\t\t\t\t\t<\/div>\n\t\t\t\t<\/div>\n\t\t\t\t\t<\/div>\n\t\t<\/div>\n\t\t\t\t\t<\/div>\n\t\t<\/section>\n\t\t\t\t\t<\/div>\n\t\t<\/div>\n\t\t\t\t\t<\/div>\n\t\t<\/section>\n\t\t\t\t<\/div>\n\t\t","protected":false},"excerpt":{"rendered":"<p>To visit us The Coach Museum is located 1 hour from Lyon (A7 exit Chanas) and Saint-Etienne.The Museum visit takes place on 2 sites (EJB1 + EJB2) for a duration [&hellip;]<\/p>\n","protected":false},"author":1,"featured_media":0,"parent":0,"menu_order":0,"comment_status":"closed","ping_status":"closed","template":"","meta":{"_locale":"en_GB","_original_post":"https:\/\/www.museeducar.fr\/?page_id=4848","footnotes":""},"class_list":["post-8099","page","type-page","status-publish","hentry","en-GB"],"yoast_head":"<!-- This site is optimized with the Yoast SEO plugin v26.7 - https:\/\/yoast.com\/wordpress\/plugins\/seo\/ -->\n<title>Access the museum | Coach and wheelwright museum 07<\/title>\n<meta name=\"description\" content=\"Discover plans and descriptions of access to our museum integrated into 2 sites and to the Joseph Besset 1 reception area.\" \/>\n<meta name=\"robots\" content=\"index, follow, max-snippet:-1, max-image-preview:large, max-video-preview:-1\" \/>\n<link rel=\"canonical\" href=\"https:\/\/www.museeducar.fr\/en\/access-the-museum\/\" \/>\n<meta property=\"og:locale\" content=\"en_GB\" \/>\n<meta property=\"og:type\" content=\"article\" \/>\n<meta property=\"og:title\" content=\"Access the museum | Coach and wheelwright museum 07\" \/>\n<meta property=\"og:description\" content=\"Discover plans and descriptions of access to our museum integrated into 2 sites and to the Joseph Besset 1 reception area.\" \/>\n<meta property=\"og:url\" content=\"https:\/\/www.museeducar.fr\/en\/access-the-museum\/\" \/>\n<meta property=\"og:site_name\" content=\"Mus\u00e9e du car et du charronnage Vanosc\" \/>\n<meta property=\"article:publisher\" content=\"https:\/\/www.facebook.com\/lavanaude\" \/>\n<meta property=\"article:modified_time\" content=\"2025-01-22T09:14:22+00:00\" \/>\n<meta property=\"og:image\" content=\"https:\/\/www.museeducar.fr\/wp-content\/uploads\/2023\/02\/IE-SITE-MUSEE-DU-CAR-VANOSC.jpg\" \/>\n\t<meta property=\"og:image:width\" content=\"1200\" \/>\n\t<meta property=\"og:image:height\" content=\"628\" \/>\n\t<meta property=\"og:image:type\" content=\"image\/jpeg\" \/>\n<meta name=\"twitter:card\" content=\"summary_large_image\" \/>\n<meta name=\"twitter:label1\" content=\"Estimated reading time\" \/>\n\t<meta name=\"twitter:data1\" content=\"3 minutes\" \/>\n<script type=\"application\/ld+json\" class=\"yoast-schema-graph\">{\"@context\":\"https:\/\/schema.org\",\"@graph\":[{\"@type\":\"WebPage\",\"@id\":\"https:\/\/www.museeducar.fr\/en\/access-the-museum\/\",\"url\":\"https:\/\/www.museeducar.fr\/en\/access-the-museum\/\",\"name\":\"Access the museum | Coach and wheelwright museum 07\",\"isPartOf\":{\"@id\":\"https:\/\/www.museeducar.fr\/#website\"},\"primaryImageOfPage\":{\"@id\":\"https:\/\/www.museeducar.fr\/en\/access-the-museum\/#primaryimage\"},\"image\":{\"@id\":\"https:\/\/www.museeducar.fr\/en\/access-the-museum\/#primaryimage\"},\"thumbnailUrl\":\"https:\/\/www.museeducar.fr\/wp-content\/uploads\/2023\/01\/separateur-icone-musee-vehicule-ancien-isobloc.png\",\"datePublished\":\"2025-01-16T13:14:58+00:00\",\"dateModified\":\"2025-01-22T09:14:22+00:00\",\"description\":\"Discover plans and descriptions of access to our museum integrated into 2 sites and to the Joseph Besset 1 reception area.\",\"breadcrumb\":{\"@id\":\"https:\/\/www.museeducar.fr\/en\/access-the-museum\/#breadcrumb\"},\"inLanguage\":\"en-GB\",\"potentialAction\":[{\"@type\":\"ReadAction\",\"target\":[\"https:\/\/www.museeducar.fr\/en\/access-the-museum\/\"]}]},{\"@type\":\"ImageObject\",\"inLanguage\":\"en-GB\",\"@id\":\"https:\/\/www.museeducar.fr\/en\/access-the-museum\/#primaryimage\",\"url\":\"https:\/\/www.museeducar.fr\/wp-content\/uploads\/2023\/01\/separateur-icone-musee-vehicule-ancien-isobloc.png\",\"contentUrl\":\"https:\/\/www.museeducar.fr\/wp-content\/uploads\/2023\/01\/separateur-icone-musee-vehicule-ancien-isobloc.png\",\"width\":180,\"height\":48},{\"@type\":\"BreadcrumbList\",\"@id\":\"https:\/\/www.museeducar.fr\/en\/access-the-museum\/#breadcrumb\",\"itemListElement\":[{\"@type\":\"ListItem\",\"position\":1,\"name\":\"Accueil\",\"item\":\"https:\/\/www.museeducar.fr\/en\/\"},{\"@type\":\"ListItem\",\"position\":2,\"name\":\"Access the museum\"}]},{\"@type\":\"WebSite\",\"@id\":\"https:\/\/www.museeducar.fr\/#website\",\"url\":\"https:\/\/www.museeducar.fr\/\",\"name\":\"Mus\u00e9e du car et du charronnage Vanosc\",\"description\":\"\",\"publisher\":{\"@id\":\"https:\/\/www.museeducar.fr\/#organization\"},\"potentialAction\":[{\"@type\":\"SearchAction\",\"target\":{\"@type\":\"EntryPoint\",\"urlTemplate\":\"https:\/\/www.museeducar.fr\/?s={search_term_string}\"},\"query-input\":{\"@type\":\"PropertyValueSpecification\",\"valueRequired\":true,\"valueName\":\"search_term_string\"}}],\"inLanguage\":\"en-GB\"},{\"@type\":\"Organization\",\"@id\":\"https:\/\/www.museeducar.fr\/#organization\",\"name\":\"Mus\u00e9e du car \u00e0 Vanosc\",\"alternateName\":\"Mus\u00e9e du charronnage au car\",\"url\":\"https:\/\/www.museeducar.fr\/\",\"logo\":{\"@type\":\"ImageObject\",\"inLanguage\":\"en-GB\",\"@id\":\"https:\/\/www.museeducar.fr\/#\/schema\/logo\/image\/\",\"url\":\"https:\/\/www.museeducar.fr\/wp-content\/uploads\/2021\/08\/logo-musee-car-joseph-besset-vanosc-blanc-1.png\",\"contentUrl\":\"https:\/\/www.museeducar.fr\/wp-content\/uploads\/2021\/08\/logo-musee-car-joseph-besset-vanosc-blanc-1.png\",\"width\":300,\"height\":293,\"caption\":\"Mus\u00e9e du car \u00e0 Vanosc\"},\"image\":{\"@id\":\"https:\/\/www.museeducar.fr\/#\/schema\/logo\/image\/\"},\"sameAs\":[\"https:\/\/www.facebook.com\/lavanaude\"]}]}<\/script>\n<!-- \/ Yoast SEO plugin. -->","yoast_head_json":{"title":"Access the museum | Coach and wheelwright museum 07","description":"Discover plans and descriptions of access to our museum integrated into 2 sites and to the Joseph Besset 1 reception area.","robots":{"index":"index","follow":"follow","max-snippet":"max-snippet:-1","max-image-preview":"max-image-preview:large","max-video-preview":"max-video-preview:-1"},"canonical":"https:\/\/www.museeducar.fr\/en\/access-the-museum\/","og_locale":"en_GB","og_type":"article","og_title":"Access the museum | Coach and wheelwright museum 07","og_description":"Discover plans and descriptions of access to our museum integrated into 2 sites and to the Joseph Besset 1 reception area.","og_url":"https:\/\/www.museeducar.fr\/en\/access-the-museum\/","og_site_name":"Mus\u00e9e du car et du charronnage Vanosc","article_publisher":"https:\/\/www.facebook.com\/lavanaude","article_modified_time":"2025-01-22T09:14:22+00:00","og_image":[{"width":1200,"height":628,"url":"https:\/\/www.museeducar.fr\/wp-content\/uploads\/2023\/02\/IE-SITE-MUSEE-DU-CAR-VANOSC.jpg","type":"image\/jpeg"}],"twitter_card":"summary_large_image","twitter_misc":{"Estimated reading time":"3 minutes"},"schema":{"@context":"https:\/\/schema.org","@graph":[{"@type":"WebPage","@id":"https:\/\/www.museeducar.fr\/en\/access-the-museum\/","url":"https:\/\/www.museeducar.fr\/en\/access-the-museum\/","name":"Access the museum | Coach and wheelwright museum 07","isPartOf":{"@id":"https:\/\/www.museeducar.fr\/#website"},"primaryImageOfPage":{"@id":"https:\/\/www.museeducar.fr\/en\/access-the-museum\/#primaryimage"},"image":{"@id":"https:\/\/www.museeducar.fr\/en\/access-the-museum\/#primaryimage"},"thumbnailUrl":"https:\/\/www.museeducar.fr\/wp-content\/uploads\/2023\/01\/separateur-icone-musee-vehicule-ancien-isobloc.png","datePublished":"2025-01-16T13:14:58+00:00","dateModified":"2025-01-22T09:14:22+00:00","description":"Discover plans and descriptions of access to our museum integrated into 2 sites and to the Joseph Besset 1 reception area.","breadcrumb":{"@id":"https:\/\/www.museeducar.fr\/en\/access-the-museum\/#breadcrumb"},"inLanguage":"en-GB","potentialAction":[{"@type":"ReadAction","target":["https:\/\/www.museeducar.fr\/en\/access-the-museum\/"]}]},{"@type":"ImageObject","inLanguage":"en-GB","@id":"https:\/\/www.museeducar.fr\/en\/access-the-museum\/#primaryimage","url":"https:\/\/www.museeducar.fr\/wp-content\/uploads\/2023\/01\/separateur-icone-musee-vehicule-ancien-isobloc.png","contentUrl":"https:\/\/www.museeducar.fr\/wp-content\/uploads\/2023\/01\/separateur-icone-musee-vehicule-ancien-isobloc.png","width":180,"height":48},{"@type":"BreadcrumbList","@id":"https:\/\/www.museeducar.fr\/en\/access-the-museum\/#breadcrumb","itemListElement":[{"@type":"ListItem","position":1,"name":"Accueil","item":"https:\/\/www.museeducar.fr\/en\/"},{"@type":"ListItem","position":2,"name":"Access the museum"}]},{"@type":"WebSite","@id":"https:\/\/www.museeducar.fr\/#website","url":"https:\/\/www.museeducar.fr\/","name":"Mus\u00e9e du car et du charronnage Vanosc","description":"","publisher":{"@id":"https:\/\/www.museeducar.fr\/#organization"},"potentialAction":[{"@type":"SearchAction","target":{"@type":"EntryPoint","urlTemplate":"https:\/\/www.museeducar.fr\/?s={search_term_string}"},"query-input":{"@type":"PropertyValueSpecification","valueRequired":true,"valueName":"search_term_string"}}],"inLanguage":"en-GB"},{"@type":"Organization","@id":"https:\/\/www.museeducar.fr\/#organization","name":"Mus\u00e9e du car \u00e0 Vanosc","alternateName":"Mus\u00e9e du charronnage au car","url":"https:\/\/www.museeducar.fr\/","logo":{"@type":"ImageObject","inLanguage":"en-GB","@id":"https:\/\/www.museeducar.fr\/#\/schema\/logo\/image\/","url":"https:\/\/www.museeducar.fr\/wp-content\/uploads\/2021\/08\/logo-musee-car-joseph-besset-vanosc-blanc-1.png","contentUrl":"https:\/\/www.museeducar.fr\/wp-content\/uploads\/2021\/08\/logo-musee-car-joseph-besset-vanosc-blanc-1.png","width":300,"height":293,"caption":"Mus\u00e9e du car \u00e0 Vanosc"},"image":{"@id":"https:\/\/www.museeducar.fr\/#\/schema\/logo\/image\/"},"sameAs":["https:\/\/www.facebook.com\/lavanaude"]}]}},"_links":{"self":[{"href":"https:\/\/www.museeducar.fr\/wp-json\/wp\/v2\/pages\/8099","targetHints":{"allow":["GET"]}}],"collection":[{"href":"https:\/\/www.museeducar.fr\/wp-json\/wp\/v2\/pages"}],"about":[{"href":"https:\/\/www.museeducar.fr\/wp-json\/wp\/v2\/types\/page"}],"author":[{"embeddable":true,"href":"https:\/\/www.museeducar.fr\/wp-json\/wp\/v2\/users\/1"}],"replies":[{"embeddable":true,"href":"https:\/\/www.museeducar.fr\/wp-json\/wp\/v2\/comments?post=8099"}],"version-history":[{"count":8,"href":"https:\/\/www.museeducar.fr\/wp-json\/wp\/v2\/pages\/8099\/revisions"}],"predecessor-version":[{"id":8520,"href":"https:\/\/www.museeducar.fr\/wp-json\/wp\/v2\/pages\/8099\/revisions\/8520"}],"wp:attachment":[{"href":"https:\/\/www.museeducar.fr\/wp-json\/wp\/v2\/media?parent=8099"}],"curies":[{"name":"wp","href":"https:\/\/api.w.org\/{rel}","templated":true}]}}