{"id":8243,"date":"2025-01-16T15:24:15","date_gmt":"2025-01-16T14:24:15","guid":{"rendered":"https:\/\/www.museeducar.fr\/?page_id=8243"},"modified":"2025-01-20T14:48:25","modified_gmt":"2025-01-20T13:48:25","slug":"museum-history","status":"publish","type":"page","link":"https:\/\/www.museeducar.fr\/en\/museum-history\/","title":{"rendered":"Museum history"},"content":{"rendered":"\t\t<div data-elementor-type=\"wp-page\" data-elementor-id=\"8243\" class=\"elementor elementor-8243\" data-elementor-post-type=\"page\">\n\t\t\t\t\t\t<section class=\"elementor-section elementor-top-section elementor-element elementor-element-6e141003 elementor-section-stretched elementor-section-boxed elementor-section-height-default elementor-section-height-default\" data-id=\"6e141003\" data-element_type=\"section\" data-settings=\"{&quot;stretch_section&quot;:&quot;section-stretched&quot;,&quot;background_background&quot;:&quot;classic&quot;}\">\n\t\t\t\t\t\t<div class=\"elementor-container elementor-column-gap-default\">\n\t\t\t\t\t<div class=\"elementor-column elementor-col-100 elementor-top-column elementor-element elementor-element-5a992275\" data-id=\"5a992275\" data-element_type=\"column\">\n\t\t\t<div class=\"elementor-widget-wrap elementor-element-populated\">\n\t\t\t\t\t\t<div class=\"elementor-element elementor-element-1638517a elementor-widget elementor-widget-heading\" data-id=\"1638517a\" data-element_type=\"widget\" data-widget_type=\"heading.default\">\n\t\t\t\t<div class=\"elementor-widget-container\">\n\t\t\t\t\t<h1 class=\"elementor-heading-title elementor-size-xxl\">Museum history<\/h1>\t\t\t\t<\/div>\n\t\t\t\t<\/div>\n\t\t\t\t\t<\/div>\n\t\t<\/div>\n\t\t\t\t\t<\/div>\n\t\t<\/section>\n\t\t\t\t<section class=\"elementor-section elementor-top-section elementor-element elementor-element-6c1d0c0c elementor-section-boxed elementor-section-height-default elementor-section-height-default\" data-id=\"6c1d0c0c\" data-element_type=\"section\">\n\t\t\t\t\t\t<div class=\"elementor-container elementor-column-gap-default\">\n\t\t\t\t\t<div class=\"elementor-column elementor-col-100 elementor-top-column elementor-element elementor-element-2ccd12cc\" data-id=\"2ccd12cc\" data-element_type=\"column\">\n\t\t\t<div class=\"elementor-widget-wrap elementor-element-populated\">\n\t\t\t\t\t\t<div class=\"elementor-element elementor-element-452a5220 elementor-headline--style-highlight elementor-widget elementor-widget-animated-headline\" data-id=\"452a5220\" data-element_type=\"widget\" data-settings=\"{&quot;marker&quot;:&quot;underline&quot;,&quot;highlighted_text&quot;:&quot;Museum&quot;,&quot;headline_style&quot;:&quot;highlight&quot;,&quot;loop&quot;:&quot;yes&quot;,&quot;highlight_animation_duration&quot;:1200,&quot;highlight_iteration_delay&quot;:8000}\" data-widget_type=\"animated-headline.default\">\n\t\t\t\t<div class=\"elementor-widget-container\">\n\t\t\t\t\t\t\t<h2 class=\"elementor-headline\">\n\t\t\t\t<span class=\"elementor-headline-dynamic-wrapper elementor-headline-text-wrapper\">\n\t\t\t\t\t<span class=\"elementor-headline-dynamic-text elementor-headline-text-active\">Museum<\/span>\n\t\t\t\t<\/span>\n\t\t\t\t\t<span class=\"elementor-headline-plain-text elementor-headline-text-wrapper\">history<\/span>\n\t\t\t\t\t<\/h2>\n\t\t\t\t\t\t<\/div>\n\t\t\t\t<\/div>\n\t\t\t\t<div class=\"elementor-element elementor-element-3c9a8161 elementor-widget elementor-widget-image\" data-id=\"3c9a8161\" data-element_type=\"widget\" data-widget_type=\"image.default\">\n\t\t\t\t<div class=\"elementor-widget-container\">\n\t\t\t\t\t\t\t\t\t\t\t\t\t\t\t<img decoding=\"async\" width=\"180\" height=\"48\" src=\"https:\/\/www.museeducar.fr\/wp-content\/uploads\/2023\/01\/separateur-icone-musee-vehicule-ancien-isobloc.png\" class=\"attachment-full size-full wp-image-5412\" alt=\"\" \/>\t\t\t\t\t\t\t\t\t\t\t\t\t\t\t<\/div>\n\t\t\t\t<\/div>\n\t\t\t\t<div class=\"elementor-element elementor-element-220edc6 elementor-widget elementor-widget-text-editor\" data-id=\"220edc6\" data-element_type=\"widget\" data-widget_type=\"text-editor.default\">\n\t\t\t\t<div class=\"elementor-widget-container\">\n\t\t\t\t\t\t\t\t\t<p style=\"text-align: center;\">The Museum from wheelwright to coach is an initiative of <a href=\"https:\/\/www.lavanaude.org\" target=\"_blank\" rel=\"noopener\">The Vanaude<\/a>, association for culture and enjoyments based in Vanosc.<\/p>\t\t\t\t\t\t\t\t<\/div>\n\t\t\t\t<\/div>\n\t\t\t\t\t<\/div>\n\t\t<\/div>\n\t\t\t\t\t<\/div>\n\t\t<\/section>\n\t\t\t\t<section class=\"elementor-section elementor-top-section elementor-element elementor-element-4b837395 elementor-section-content-middle elementor-section-stretched elementor-section-boxed elementor-section-height-default elementor-section-height-default\" data-id=\"4b837395\" data-element_type=\"section\" data-settings=\"{&quot;stretch_section&quot;:&quot;section-stretched&quot;}\">\n\t\t\t\t\t\t<div class=\"elementor-container elementor-column-gap-default\">\n\t\t\t\t\t<div class=\"elementor-column elementor-col-50 elementor-top-column elementor-element elementor-element-a58ed6d\" data-id=\"a58ed6d\" data-element_type=\"column\" data-settings=\"{&quot;background_background&quot;:&quot;classic&quot;}\">\n\t\t\t<div class=\"elementor-widget-wrap elementor-element-populated\">\n\t\t\t\t\t\t<div class=\"elementor-element elementor-element-723b5eff bloc-gauche elementor-widget elementor-widget-text-editor\" data-id=\"723b5eff\" data-element_type=\"widget\" data-widget_type=\"text-editor.default\">\n\t\t\t\t<div class=\"elementor-widget-container\">\n\t\t\t\t\t\t\t\t\t<h4><span style=\"color: #ffffff;\">from early 1980s to 2002 : early stages of the museum <\/span><\/h4><p><span style=\"color: #ffffff;\">In the beginning of 1980s, the association was entrusted with some wheelwright&#8217;s tools by the family of Alphonse Landy, a wheelwright in Vanosc and apprenticeship master of the young Joseph Besset. These tools have been carefully preserved with the idea of opening a museum.<\/span><\/p><p><span style=\"color: #ffffff;\">The meeting with Andr\u00e9 Besset, Joseph&#8217;s youngest son, was also decisive and grow the idea of an exhibition retracing the career of the young wheelwright who became a coachbuilder. Many period records have been collected, along with detailed memories of Joseph and his factory.<\/span><\/p>\t\t\t\t\t\t\t\t<\/div>\n\t\t\t\t<\/div>\n\t\t\t\t\t<\/div>\n\t\t<\/div>\n\t\t\t\t<div class=\"elementor-column elementor-col-50 elementor-top-column elementor-element elementor-element-2c035490 elementor-hidden-mobile\" data-id=\"2c035490\" data-element_type=\"column\">\n\t\t\t<div class=\"elementor-widget-wrap elementor-element-populated\">\n\t\t\t\t\t\t<div class=\"elementor-element elementor-element-6135e9b image-droite elementor-invisible elementor-widget elementor-widget-image\" data-id=\"6135e9b\" data-element_type=\"widget\" data-settings=\"{&quot;_animation&quot;:&quot;fadeInRight&quot;}\" data-widget_type=\"image.default\">\n\t\t\t\t<div class=\"elementor-widget-container\">\n\t\t\t\t\t\t\t\t\t\t\t\t\t\t\t<img fetchpriority=\"high\" decoding=\"async\" width=\"600\" height=\"400\" src=\"https:\/\/www.museeducar.fr\/wp-content\/uploads\/2022\/12\/interieur-musee-du-car-joseph-besset-vanosc-rouages-600x400.jpg\" class=\"attachment-600x400 size-600x400 wp-image-2734\" alt=\"\" \/>\t\t\t\t\t\t\t\t\t\t\t\t\t\t\t<\/div>\n\t\t\t\t<\/div>\n\t\t\t\t\t<\/div>\n\t\t<\/div>\n\t\t\t\t\t<\/div>\n\t\t<\/section>\n\t\t\t\t<section class=\"elementor-section elementor-top-section elementor-element elementor-element-2370aab4 elementor-section-content-middle elementor-section-stretched elementor-section-boxed elementor-section-height-default elementor-section-height-default\" data-id=\"2370aab4\" data-element_type=\"section\" data-settings=\"{&quot;stretch_section&quot;:&quot;section-stretched&quot;}\">\n\t\t\t\t\t\t<div class=\"elementor-container elementor-column-gap-default\">\n\t\t\t\t\t<div class=\"elementor-column elementor-col-50 elementor-top-column elementor-element elementor-element-796070b8 elementor-hidden-mobile\" data-id=\"796070b8\" data-element_type=\"column\">\n\t\t\t<div class=\"elementor-widget-wrap elementor-element-populated\">\n\t\t\t\t\t\t<div class=\"elementor-element elementor-element-2d874bec image-gauche elementor-invisible elementor-widget elementor-widget-image\" data-id=\"2d874bec\" data-element_type=\"widget\" data-settings=\"{&quot;_animation&quot;:&quot;fadeInLeft&quot;}\" data-widget_type=\"image.default\">\n\t\t\t\t<div class=\"elementor-widget-container\">\n\t\t\t\t\t\t\t\t\t\t\t\t\t\t\t<img decoding=\"async\" width=\"600\" height=\"400\" src=\"https:\/\/www.museeducar.fr\/wp-content\/uploads\/2022\/12\/vue-interieur-musee-espace-joseph-besset-1-600x400.jpg\" class=\"attachment-600x400 size-600x400 wp-image-2736\" alt=\"\" \/>\t\t\t\t\t\t\t\t\t\t\t\t\t\t\t<\/div>\n\t\t\t\t<\/div>\n\t\t\t\t\t<\/div>\n\t\t<\/div>\n\t\t\t\t<div class=\"elementor-column elementor-col-50 elementor-top-column elementor-element elementor-element-2f93f25a\" data-id=\"2f93f25a\" data-element_type=\"column\" data-settings=\"{&quot;background_background&quot;:&quot;classic&quot;}\">\n\t\t\t<div class=\"elementor-widget-wrap elementor-element-populated\">\n\t\t\t\t\t\t<div class=\"elementor-element elementor-element-8580add bloc-droite elementor-widget elementor-widget-text-editor\" data-id=\"8580add\" data-element_type=\"widget\" data-widget_type=\"text-editor.default\">\n\t\t\t\t<div class=\"elementor-widget-container\">\n\t\t\t\t\t\t\t\t\t<h4>2001: opening of the first exhibition site<\/h4><p>In 1998, following the success of its first exhibitions, La Vanaude decided to create a permanent exhibition area. The Museum&#8217;s first site opened its doors in 2001.<br \/><br \/>Some documents and photographs from the 1920s to nowadays, show the evolution of the coachbuilder&#8217;s profession from the artisanal era to the modern era in the workshops of Annonay.<br \/><br \/>The Museum devotes a room to the exhibition of scale models of old and modern coaches from all over the world. However, the limited space was not large enough to accommodate more than fifteen coaches belonging to the association.<\/p>\t\t\t\t\t\t\t\t<\/div>\n\t\t\t\t<\/div>\n\t\t\t\t\t<\/div>\n\t\t<\/div>\n\t\t\t\t\t<\/div>\n\t\t<\/section>\n\t\t\t\t<section class=\"elementor-section elementor-top-section elementor-element elementor-element-27b1dac2 elementor-section-content-middle elementor-section-stretched elementor-section-boxed elementor-section-height-default elementor-section-height-default\" data-id=\"27b1dac2\" data-element_type=\"section\" data-settings=\"{&quot;stretch_section&quot;:&quot;section-stretched&quot;}\">\n\t\t\t\t\t\t<div class=\"elementor-container elementor-column-gap-default\">\n\t\t\t\t\t<div class=\"elementor-column elementor-col-50 elementor-top-column elementor-element elementor-element-723ff90c\" data-id=\"723ff90c\" data-element_type=\"column\" data-settings=\"{&quot;background_background&quot;:&quot;classic&quot;}\">\n\t\t\t<div class=\"elementor-widget-wrap elementor-element-populated\">\n\t\t\t\t\t\t<div class=\"elementor-element elementor-element-22ff8bf0 bloc-gauche elementor-widget elementor-widget-text-editor\" data-id=\"22ff8bf0\" data-element_type=\"widget\" data-widget_type=\"text-editor.default\">\n\t\t\t\t<div class=\"elementor-widget-container\">\n\t\t\t\t\t\t\t\t\t<h4><span style=\"color: #ffffff;\">2007: opening of the second exhibition site<\/span><\/h4><p><span style=\"color: #ffffff;\">In July 2007 a second exhibition site opens.<\/span><br \/><br \/><span style=\"color: #ffffff;\">This place of 1000m\u00b2 features vehicles from the horse-drawn era (planter, carriage, handcart) and flagships from the traditional to the industrial era all made in Annonay. A Rolland Pilain car bodied by BESSET in 1929, the Tubincendie vehicle, Citro\u00ebn P32 coach from 1935, Citro\u00ebn P45 coach from 1947, Isobloc coaches from 1943, 1949 and 1955, Chausson coach from 1956 and Floirat, SAVIEM and Renault V. I. from the 60s to the 80s&#8230;<\/span><br \/><br \/><span style=\"color: #ffffff;\">The vehicles are restored by the association&#8217;s volunteers with the help of professionals.<br \/><\/span><\/p>\t\t\t\t\t\t\t\t<\/div>\n\t\t\t\t<\/div>\n\t\t\t\t\t<\/div>\n\t\t<\/div>\n\t\t\t\t<div class=\"elementor-column elementor-col-50 elementor-top-column elementor-element elementor-element-2f4c079 elementor-hidden-mobile\" data-id=\"2f4c079\" data-element_type=\"column\">\n\t\t\t<div class=\"elementor-widget-wrap elementor-element-populated\">\n\t\t\t\t\t\t<div class=\"elementor-element elementor-element-75d469ef image-droite elementor-invisible elementor-widget elementor-widget-image\" data-id=\"75d469ef\" data-element_type=\"widget\" data-settings=\"{&quot;_animation&quot;:&quot;fadeInRight&quot;}\" data-widget_type=\"image.default\">\n\t\t\t\t<div class=\"elementor-widget-container\">\n\t\t\t\t\t\t\t\t\t\t\t\t\t\t\t<img loading=\"lazy\" decoding=\"async\" width=\"600\" height=\"400\" src=\"https:\/\/www.museeducar.fr\/wp-content\/uploads\/2022\/12\/interieur-espace-couvert-vehicules-fourgon-tubincendie-vanosc-600x400.jpg\" class=\"attachment-600x400 size-600x400 wp-image-2746\" alt=\"\" \/>\t\t\t\t\t\t\t\t\t\t\t\t\t\t\t<\/div>\n\t\t\t\t<\/div>\n\t\t\t\t\t<\/div>\n\t\t<\/div>\n\t\t\t\t\t<\/div>\n\t\t<\/section>\n\t\t\t\t<section class=\"elementor-section elementor-top-section elementor-element elementor-element-6b2b947e elementor-section-stretched elementor-section-content-middle elementor-section-boxed elementor-section-height-default elementor-section-height-default\" data-id=\"6b2b947e\" data-element_type=\"section\" data-settings=\"{&quot;stretch_section&quot;:&quot;section-stretched&quot;,&quot;background_background&quot;:&quot;classic&quot;,&quot;background_motion_fx_motion_fx_scrolling&quot;:&quot;yes&quot;,&quot;background_motion_fx_translateY_effect&quot;:&quot;yes&quot;,&quot;background_motion_fx_translateY_speed&quot;:{&quot;unit&quot;:&quot;px&quot;,&quot;size&quot;:8,&quot;sizes&quot;:[]},&quot;background_motion_fx_translateY_affectedRange&quot;:{&quot;unit&quot;:&quot;%&quot;,&quot;size&quot;:&quot;&quot;,&quot;sizes&quot;:{&quot;start&quot;:0,&quot;end&quot;:80}},&quot;background_motion_fx_devices&quot;:[&quot;desktop&quot;,&quot;tablet&quot;,&quot;mobile&quot;]}\">\n\t\t\t\t\t\t<div class=\"elementor-container elementor-column-gap-default\">\n\t\t\t\t\t<div class=\"elementor-column elementor-col-100 elementor-top-column elementor-element elementor-element-33cd5e0\" data-id=\"33cd5e0\" data-element_type=\"column\">\n\t\t\t<div class=\"elementor-widget-wrap elementor-element-populated\">\n\t\t\t\t\t\t<div class=\"elementor-element elementor-element-653bfe07 elementor-headline--style-highlight elementor-widget elementor-widget-animated-headline\" data-id=\"653bfe07\" data-element_type=\"widget\" data-settings=\"{&quot;marker&quot;:&quot;underline&quot;,&quot;highlighted_text&quot;:&quot;informations ?&quot;,&quot;headline_style&quot;:&quot;highlight&quot;,&quot;loop&quot;:&quot;yes&quot;,&quot;highlight_animation_duration&quot;:1200,&quot;highlight_iteration_delay&quot;:8000}\" data-widget_type=\"animated-headline.default\">\n\t\t\t\t<div class=\"elementor-widget-container\">\n\t\t\t\t\t\t\t<h2 class=\"elementor-headline\">\n\t\t\t\t\t<span class=\"elementor-headline-plain-text elementor-headline-text-wrapper\">Need more<\/span>\n\t\t\t\t<span class=\"elementor-headline-dynamic-wrapper elementor-headline-text-wrapper\">\n\t\t\t\t\t<span class=\"elementor-headline-dynamic-text elementor-headline-text-active\">informations ?<\/span>\n\t\t\t\t<\/span>\n\t\t\t\t<\/h2>\n\t\t\t\t\t\t<\/div>\n\t\t\t\t<\/div>\n\t\t\t\t<section class=\"elementor-section elementor-inner-section elementor-element elementor-element-77a00d25 elementor-section-boxed elementor-section-height-default elementor-section-height-default\" data-id=\"77a00d25\" data-element_type=\"section\">\n\t\t\t\t\t\t<div class=\"elementor-container elementor-column-gap-default\">\n\t\t\t\t\t<div class=\"elementor-column elementor-col-33 elementor-inner-column elementor-element elementor-element-2ea19f4b\" data-id=\"2ea19f4b\" data-element_type=\"column\">\n\t\t\t<div class=\"elementor-widget-wrap elementor-element-populated\">\n\t\t\t\t\t\t<div class=\"elementor-element elementor-element-1e535fb elementor-align-center elementor-widget__width-auto elementor-widget elementor-widget-button\" data-id=\"1e535fb\" data-element_type=\"widget\" data-widget_type=\"button.default\">\n\t\t\t\t<div class=\"elementor-widget-container\">\n\t\t\t\t\t\t\t\t\t<div class=\"elementor-button-wrapper\">\n\t\t\t\t\t<a class=\"elementor-button elementor-button-link elementor-size-md\" href=\"https:\/\/www.museeducar.fr\/contact-et-reservations\/\">\n\t\t\t\t\t\t<span class=\"elementor-button-content-wrapper\">\n\t\t\t\t\t\t\t\t\t<span class=\"elementor-button-text\">CONTACT &amp; RESERVATIONS<\/span>\n\t\t\t\t\t<\/span>\n\t\t\t\t\t<\/a>\n\t\t\t\t<\/div>\n\t\t\t\t\t\t\t\t<\/div>\n\t\t\t\t<\/div>\n\t\t\t\t\t<\/div>\n\t\t<\/div>\n\t\t\t\t<div class=\"elementor-column elementor-col-33 elementor-inner-column elementor-element elementor-element-6c7aa323\" data-id=\"6c7aa323\" data-element_type=\"column\">\n\t\t\t<div class=\"elementor-widget-wrap elementor-element-populated\">\n\t\t\t\t\t\t<div class=\"elementor-element elementor-element-495ee710 elementor-align-center elementor-widget__width-auto elementor-widget elementor-widget-button\" data-id=\"495ee710\" data-element_type=\"widget\" data-widget_type=\"button.default\">\n\t\t\t\t<div class=\"elementor-widget-container\">\n\t\t\t\t\t\t\t\t\t<div class=\"elementor-button-wrapper\">\n\t\t\t\t\t<a class=\"elementor-button elementor-button-link elementor-size-md\" href=\"https:\/\/www.museeducar.fr\/tarifs-horaires-de-visite\/\">\n\t\t\t\t\t\t<span class=\"elementor-button-content-wrapper\">\n\t\t\t\t\t\t\t\t\t<span class=\"elementor-button-text\">Prices + hours<\/span>\n\t\t\t\t\t<\/span>\n\t\t\t\t\t<\/a>\n\t\t\t\t<\/div>\n\t\t\t\t\t\t\t\t<\/div>\n\t\t\t\t<\/div>\n\t\t\t\t\t<\/div>\n\t\t<\/div>\n\t\t\t\t<div class=\"elementor-column elementor-col-33 elementor-inner-column elementor-element elementor-element-6ee1cb8d\" data-id=\"6ee1cb8d\" data-element_type=\"column\">\n\t\t\t<div class=\"elementor-widget-wrap elementor-element-populated\">\n\t\t\t\t\t\t<div class=\"elementor-element elementor-element-4338bce5 elementor-align-center elementor-widget__width-auto elementor-widget elementor-widget-button\" data-id=\"4338bce5\" data-element_type=\"widget\" data-widget_type=\"button.default\">\n\t\t\t\t<div class=\"elementor-widget-container\">\n\t\t\t\t\t\t\t\t\t<div class=\"elementor-button-wrapper\">\n\t\t\t\t\t<a class=\"elementor-button elementor-button-link elementor-size-md\" href=\"\/stationnements\/\">\n\t\t\t\t\t\t<span class=\"elementor-button-content-wrapper\">\n\t\t\t\t\t\t\t\t\t<span class=\"elementor-button-text\">OUR PARKING LOTS<\/span>\n\t\t\t\t\t<\/span>\n\t\t\t\t\t<\/a>\n\t\t\t\t<\/div>\n\t\t\t\t\t\t\t\t<\/div>\n\t\t\t\t<\/div>\n\t\t\t\t\t<\/div>\n\t\t<\/div>\n\t\t\t\t\t<\/div>\n\t\t<\/section>\n\t\t\t\t\t<\/div>\n\t\t<\/div>\n\t\t\t\t\t<\/div>\n\t\t<\/section>\n\t\t\t\t<\/div>\n\t\t","protected":false},"excerpt":{"rendered":"<p>Museum history The Museum from wheelwright to coach is an initiative of The Vanaude, association for culture and enjoyments based in Vanosc. from early 1980s to 2002 : early stages [&hellip;]<\/p>\n","protected":false},"author":1,"featured_media":0,"parent":0,"menu_order":0,"comment_status":"closed","ping_status":"closed","template":"","meta":{"_locale":"en_GB","_original_post":"https:\/\/native-church.imithemes.com\/parish\/?page_id=2394","footnotes":""},"class_list":["post-8243","page","type-page","status-publish","hentry","en-GB"],"yoast_head":"<!-- This site is optimized with the Yoast SEO plugin v26.7 - https:\/\/yoast.com\/wordpress\/plugins\/seo\/ -->\n<title>Museum history | Coach and wheelwright museum (07)<\/title>\n<meta name=\"description\" content=\"Initiative of the La Vanaude association, discover the history of the museum from its origin to the opening of a second exhibition site.\" \/>\n<meta name=\"robots\" content=\"index, follow, max-snippet:-1, max-image-preview:large, max-video-preview:-1\" \/>\n<link rel=\"canonical\" href=\"https:\/\/www.museeducar.fr\/en\/museum-history\/\" \/>\n<meta property=\"og:locale\" content=\"en_GB\" \/>\n<meta property=\"og:type\" content=\"article\" \/>\n<meta property=\"og:title\" content=\"Museum history | Coach and wheelwright museum (07)\" \/>\n<meta property=\"og:description\" content=\"Initiative of the La Vanaude association, discover the history of the museum from its origin to the opening of a second exhibition site.\" \/>\n<meta property=\"og:url\" content=\"https:\/\/www.museeducar.fr\/en\/museum-history\/\" \/>\n<meta property=\"og:site_name\" content=\"Mus\u00e9e du car et du charronnage Vanosc\" \/>\n<meta property=\"article:publisher\" content=\"https:\/\/www.facebook.com\/lavanaude\" \/>\n<meta property=\"article:modified_time\" content=\"2025-01-20T13:48:25+00:00\" \/>\n<meta property=\"og:image\" content=\"https:\/\/www.museeducar.fr\/wp-content\/uploads\/2023\/02\/IE-SITE-MUSEE-DU-CAR-VANOSC.jpg\" \/>\n\t<meta property=\"og:image:width\" content=\"1200\" \/>\n\t<meta property=\"og:image:height\" content=\"628\" \/>\n\t<meta property=\"og:image:type\" content=\"image\/jpeg\" \/>\n<meta name=\"twitter:card\" content=\"summary_large_image\" \/>\n<meta name=\"twitter:label1\" content=\"Estimated reading time\" \/>\n\t<meta name=\"twitter:data1\" content=\"3 minutes\" \/>\n<script type=\"application\/ld+json\" class=\"yoast-schema-graph\">{\"@context\":\"https:\/\/schema.org\",\"@graph\":[{\"@type\":\"WebPage\",\"@id\":\"https:\/\/www.museeducar.fr\/en\/museum-history\/\",\"url\":\"https:\/\/www.museeducar.fr\/en\/museum-history\/\",\"name\":\"Museum history | Coach and wheelwright museum (07)\",\"isPartOf\":{\"@id\":\"https:\/\/www.museeducar.fr\/#website\"},\"primaryImageOfPage\":{\"@id\":\"https:\/\/www.museeducar.fr\/en\/museum-history\/#primaryimage\"},\"image\":{\"@id\":\"https:\/\/www.museeducar.fr\/en\/museum-history\/#primaryimage\"},\"thumbnailUrl\":\"https:\/\/www.museeducar.fr\/wp-content\/uploads\/2023\/01\/separateur-icone-musee-vehicule-ancien-isobloc.png\",\"datePublished\":\"2025-01-16T14:24:15+00:00\",\"dateModified\":\"2025-01-20T13:48:25+00:00\",\"description\":\"Initiative of the La Vanaude association, discover the history of the museum from its origin to the opening of a second exhibition site.\",\"breadcrumb\":{\"@id\":\"https:\/\/www.museeducar.fr\/en\/museum-history\/#breadcrumb\"},\"inLanguage\":\"en-GB\",\"potentialAction\":[{\"@type\":\"ReadAction\",\"target\":[\"https:\/\/www.museeducar.fr\/en\/museum-history\/\"]}]},{\"@type\":\"ImageObject\",\"inLanguage\":\"en-GB\",\"@id\":\"https:\/\/www.museeducar.fr\/en\/museum-history\/#primaryimage\",\"url\":\"https:\/\/www.museeducar.fr\/wp-content\/uploads\/2023\/01\/separateur-icone-musee-vehicule-ancien-isobloc.png\",\"contentUrl\":\"https:\/\/www.museeducar.fr\/wp-content\/uploads\/2023\/01\/separateur-icone-musee-vehicule-ancien-isobloc.png\",\"width\":180,\"height\":48},{\"@type\":\"BreadcrumbList\",\"@id\":\"https:\/\/www.museeducar.fr\/en\/museum-history\/#breadcrumb\",\"itemListElement\":[{\"@type\":\"ListItem\",\"position\":1,\"name\":\"Accueil\",\"item\":\"https:\/\/www.museeducar.fr\/en\/\"},{\"@type\":\"ListItem\",\"position\":2,\"name\":\"Museum history\"}]},{\"@type\":\"WebSite\",\"@id\":\"https:\/\/www.museeducar.fr\/#website\",\"url\":\"https:\/\/www.museeducar.fr\/\",\"name\":\"Mus\u00e9e du car et du charronnage Vanosc\",\"description\":\"\",\"publisher\":{\"@id\":\"https:\/\/www.museeducar.fr\/#organization\"},\"potentialAction\":[{\"@type\":\"SearchAction\",\"target\":{\"@type\":\"EntryPoint\",\"urlTemplate\":\"https:\/\/www.museeducar.fr\/?s={search_term_string}\"},\"query-input\":{\"@type\":\"PropertyValueSpecification\",\"valueRequired\":true,\"valueName\":\"search_term_string\"}}],\"inLanguage\":\"en-GB\"},{\"@type\":\"Organization\",\"@id\":\"https:\/\/www.museeducar.fr\/#organization\",\"name\":\"Mus\u00e9e du car \u00e0 Vanosc\",\"alternateName\":\"Mus\u00e9e du charronnage au car\",\"url\":\"https:\/\/www.museeducar.fr\/\",\"logo\":{\"@type\":\"ImageObject\",\"inLanguage\":\"en-GB\",\"@id\":\"https:\/\/www.museeducar.fr\/#\/schema\/logo\/image\/\",\"url\":\"https:\/\/www.museeducar.fr\/wp-content\/uploads\/2021\/08\/logo-musee-car-joseph-besset-vanosc-blanc-1.png\",\"contentUrl\":\"https:\/\/www.museeducar.fr\/wp-content\/uploads\/2021\/08\/logo-musee-car-joseph-besset-vanosc-blanc-1.png\",\"width\":300,\"height\":293,\"caption\":\"Mus\u00e9e du car \u00e0 Vanosc\"},\"image\":{\"@id\":\"https:\/\/www.museeducar.fr\/#\/schema\/logo\/image\/\"},\"sameAs\":[\"https:\/\/www.facebook.com\/lavanaude\"]}]}<\/script>\n<!-- \/ Yoast SEO plugin. -->","yoast_head_json":{"title":"Museum history | Coach and wheelwright museum (07)","description":"Initiative of the La Vanaude association, discover the history of the museum from its origin to the opening of a second exhibition site.","robots":{"index":"index","follow":"follow","max-snippet":"max-snippet:-1","max-image-preview":"max-image-preview:large","max-video-preview":"max-video-preview:-1"},"canonical":"https:\/\/www.museeducar.fr\/en\/museum-history\/","og_locale":"en_GB","og_type":"article","og_title":"Museum history | Coach and wheelwright museum (07)","og_description":"Initiative of the La Vanaude association, discover the history of the museum from its origin to the opening of a second exhibition site.","og_url":"https:\/\/www.museeducar.fr\/en\/museum-history\/","og_site_name":"Mus\u00e9e du car et du charronnage Vanosc","article_publisher":"https:\/\/www.facebook.com\/lavanaude","article_modified_time":"2025-01-20T13:48:25+00:00","og_image":[{"width":1200,"height":628,"url":"https:\/\/www.museeducar.fr\/wp-content\/uploads\/2023\/02\/IE-SITE-MUSEE-DU-CAR-VANOSC.jpg","type":"image\/jpeg"}],"twitter_card":"summary_large_image","twitter_misc":{"Estimated reading time":"3 minutes"},"schema":{"@context":"https:\/\/schema.org","@graph":[{"@type":"WebPage","@id":"https:\/\/www.museeducar.fr\/en\/museum-history\/","url":"https:\/\/www.museeducar.fr\/en\/museum-history\/","name":"Museum history | Coach and wheelwright museum (07)","isPartOf":{"@id":"https:\/\/www.museeducar.fr\/#website"},"primaryImageOfPage":{"@id":"https:\/\/www.museeducar.fr\/en\/museum-history\/#primaryimage"},"image":{"@id":"https:\/\/www.museeducar.fr\/en\/museum-history\/#primaryimage"},"thumbnailUrl":"https:\/\/www.museeducar.fr\/wp-content\/uploads\/2023\/01\/separateur-icone-musee-vehicule-ancien-isobloc.png","datePublished":"2025-01-16T14:24:15+00:00","dateModified":"2025-01-20T13:48:25+00:00","description":"Initiative of the La Vanaude association, discover the history of the museum from its origin to the opening of a second exhibition site.","breadcrumb":{"@id":"https:\/\/www.museeducar.fr\/en\/museum-history\/#breadcrumb"},"inLanguage":"en-GB","potentialAction":[{"@type":"ReadAction","target":["https:\/\/www.museeducar.fr\/en\/museum-history\/"]}]},{"@type":"ImageObject","inLanguage":"en-GB","@id":"https:\/\/www.museeducar.fr\/en\/museum-history\/#primaryimage","url":"https:\/\/www.museeducar.fr\/wp-content\/uploads\/2023\/01\/separateur-icone-musee-vehicule-ancien-isobloc.png","contentUrl":"https:\/\/www.museeducar.fr\/wp-content\/uploads\/2023\/01\/separateur-icone-musee-vehicule-ancien-isobloc.png","width":180,"height":48},{"@type":"BreadcrumbList","@id":"https:\/\/www.museeducar.fr\/en\/museum-history\/#breadcrumb","itemListElement":[{"@type":"ListItem","position":1,"name":"Accueil","item":"https:\/\/www.museeducar.fr\/en\/"},{"@type":"ListItem","position":2,"name":"Museum history"}]},{"@type":"WebSite","@id":"https:\/\/www.museeducar.fr\/#website","url":"https:\/\/www.museeducar.fr\/","name":"Mus\u00e9e du car et du charronnage Vanosc","description":"","publisher":{"@id":"https:\/\/www.museeducar.fr\/#organization"},"potentialAction":[{"@type":"SearchAction","target":{"@type":"EntryPoint","urlTemplate":"https:\/\/www.museeducar.fr\/?s={search_term_string}"},"query-input":{"@type":"PropertyValueSpecification","valueRequired":true,"valueName":"search_term_string"}}],"inLanguage":"en-GB"},{"@type":"Organization","@id":"https:\/\/www.museeducar.fr\/#organization","name":"Mus\u00e9e du car \u00e0 Vanosc","alternateName":"Mus\u00e9e du charronnage au car","url":"https:\/\/www.museeducar.fr\/","logo":{"@type":"ImageObject","inLanguage":"en-GB","@id":"https:\/\/www.museeducar.fr\/#\/schema\/logo\/image\/","url":"https:\/\/www.museeducar.fr\/wp-content\/uploads\/2021\/08\/logo-musee-car-joseph-besset-vanosc-blanc-1.png","contentUrl":"https:\/\/www.museeducar.fr\/wp-content\/uploads\/2021\/08\/logo-musee-car-joseph-besset-vanosc-blanc-1.png","width":300,"height":293,"caption":"Mus\u00e9e du car \u00e0 Vanosc"},"image":{"@id":"https:\/\/www.museeducar.fr\/#\/schema\/logo\/image\/"},"sameAs":["https:\/\/www.facebook.com\/lavanaude"]}]}},"_links":{"self":[{"href":"https:\/\/www.museeducar.fr\/wp-json\/wp\/v2\/pages\/8243","targetHints":{"allow":["GET"]}}],"collection":[{"href":"https:\/\/www.museeducar.fr\/wp-json\/wp\/v2\/pages"}],"about":[{"href":"https:\/\/www.museeducar.fr\/wp-json\/wp\/v2\/types\/page"}],"author":[{"embeddable":true,"href":"https:\/\/www.museeducar.fr\/wp-json\/wp\/v2\/users\/1"}],"replies":[{"embeddable":true,"href":"https:\/\/www.museeducar.fr\/wp-json\/wp\/v2\/comments?post=8243"}],"version-history":[{"count":26,"href":"https:\/\/www.museeducar.fr\/wp-json\/wp\/v2\/pages\/8243\/revisions"}],"predecessor-version":[{"id":8443,"href":"https:\/\/www.museeducar.fr\/wp-json\/wp\/v2\/pages\/8243\/revisions\/8443"}],"wp:attachment":[{"href":"https:\/\/www.museeducar.fr\/wp-json\/wp\/v2\/media?parent=8243"}],"curies":[{"name":"wp","href":"https:\/\/api.w.org\/{rel}","templated":true}]}}