{"id":8310,"date":"2025-01-16T17:41:49","date_gmt":"2025-01-16T16:41:49","guid":{"rendered":"https:\/\/www.museeducar.fr\/?page_id=8310"},"modified":"2025-01-22T09:57:51","modified_gmt":"2025-01-22T08:57:51","slug":"school-group-entertainments","status":"publish","type":"page","link":"https:\/\/www.museeducar.fr\/en\/school-group-entertainments\/","title":{"rendered":"School"},"content":{"rendered":"\t\t<div data-elementor-type=\"wp-page\" data-elementor-id=\"8310\" class=\"elementor elementor-8310\" data-elementor-post-type=\"page\">\n\t\t\t\t\t\t<section class=\"elementor-section elementor-top-section elementor-element elementor-element-4cc284f0 elementor-section-stretched elementor-section-boxed elementor-section-height-default elementor-section-height-default\" data-id=\"4cc284f0\" data-element_type=\"section\" data-settings=\"{&quot;stretch_section&quot;:&quot;section-stretched&quot;,&quot;background_background&quot;:&quot;classic&quot;}\">\n\t\t\t\t\t\t<div class=\"elementor-container elementor-column-gap-default\">\n\t\t\t\t\t<div class=\"elementor-column elementor-col-100 elementor-top-column elementor-element elementor-element-697c63c9\" data-id=\"697c63c9\" data-element_type=\"column\">\n\t\t\t<div class=\"elementor-widget-wrap elementor-element-populated\">\n\t\t\t\t\t\t<div class=\"elementor-element elementor-element-4e4121a1 elementor-widget elementor-widget-heading\" data-id=\"4e4121a1\" data-element_type=\"widget\" data-widget_type=\"heading.default\">\n\t\t\t\t<div class=\"elementor-widget-container\">\n\t\t\t\t\t<h1 class=\"elementor-heading-title elementor-size-xxl\">School<\/h1>\t\t\t\t<\/div>\n\t\t\t\t<\/div>\n\t\t\t\t\t<\/div>\n\t\t<\/div>\n\t\t\t\t\t<\/div>\n\t\t<\/section>\n\t\t\t\t<section class=\"elementor-section elementor-top-section elementor-element elementor-element-5b0db6f4 elementor-section-boxed elementor-section-height-default elementor-section-height-default\" data-id=\"5b0db6f4\" data-element_type=\"section\">\n\t\t\t\t\t\t<div class=\"elementor-container elementor-column-gap-default\">\n\t\t\t\t\t<div class=\"elementor-column elementor-col-100 elementor-top-column elementor-element elementor-element-4649b9ad\" data-id=\"4649b9ad\" data-element_type=\"column\">\n\t\t\t<div class=\"elementor-widget-wrap elementor-element-populated\">\n\t\t\t\t\t\t<div class=\"elementor-element elementor-element-21fe1ae1 elementor-headline--style-highlight elementor-widget elementor-widget-animated-headline\" data-id=\"21fe1ae1\" data-element_type=\"widget\" data-settings=\"{&quot;marker&quot;:&quot;underline&quot;,&quot;highlighted_text&quot;:&quot;school groups&quot;,&quot;headline_style&quot;:&quot;highlight&quot;,&quot;loop&quot;:&quot;yes&quot;,&quot;highlight_animation_duration&quot;:1200,&quot;highlight_iteration_delay&quot;:8000}\" data-widget_type=\"animated-headline.default\">\n\t\t\t\t<div class=\"elementor-widget-container\">\n\t\t\t\t\t\t\t<h2 class=\"elementor-headline\">\n\t\t\t\t\t<span class=\"elementor-headline-plain-text elementor-headline-text-wrapper\">The Museum welcomes<\/span>\n\t\t\t\t<span class=\"elementor-headline-dynamic-wrapper elementor-headline-text-wrapper\">\n\t\t\t\t\t<span class=\"elementor-headline-dynamic-text elementor-headline-text-active\">school groups<\/span>\n\t\t\t\t<\/span>\n\t\t\t\t<\/h2>\n\t\t\t\t\t\t<\/div>\n\t\t\t\t<\/div>\n\t\t\t\t<div class=\"elementor-element elementor-element-7d548f47 elementor-widget elementor-widget-image\" data-id=\"7d548f47\" data-element_type=\"widget\" data-widget_type=\"image.default\">\n\t\t\t\t<div class=\"elementor-widget-container\">\n\t\t\t\t\t\t\t\t\t\t\t\t\t\t\t<img decoding=\"async\" width=\"180\" height=\"48\" src=\"https:\/\/www.museeducar.fr\/wp-content\/uploads\/2023\/01\/separateur-icone-musee-vehicule-ancien-isobloc.png\" class=\"attachment-full size-full wp-image-5412\" alt=\"\" \/>\t\t\t\t\t\t\t\t\t\t\t\t\t\t\t<\/div>\n\t\t\t\t<\/div>\n\t\t\t\t<div class=\"elementor-element elementor-element-32781184 elementor-widget elementor-widget-text-editor\" data-id=\"32781184\" data-element_type=\"widget\" data-widget_type=\"text-editor.default\">\n\t\t\t\t<div class=\"elementor-widget-container\">\n\t\t\t\t\t\t\t\t\t<p style=\"text-align: center;\">The Museum welcomes school groups <strong>from CP to CM2.<\/strong><br \/>We have 2 proposals:<br \/>&#8211; <strong>Half-day:<\/strong> A simple and adapted guided tour lasting 1h30 to 2h<br \/>&#8211;<strong> For the day :<\/strong> A simple and adapted guided tour lasting 1h30 to 2h coupled with scholar workshops.<\/p>\t\t\t\t\t\t\t\t<\/div>\n\t\t\t\t<\/div>\n\t\t\t\t\t<\/div>\n\t\t<\/div>\n\t\t\t\t\t<\/div>\n\t\t<\/section>\n\t\t\t\t<section class=\"elementor-section elementor-top-section elementor-element elementor-element-131423ab elementor-section-content-middle elementor-section-stretched elementor-section-boxed elementor-section-height-default elementor-section-height-default\" data-id=\"131423ab\" data-element_type=\"section\" data-settings=\"{&quot;stretch_section&quot;:&quot;section-stretched&quot;}\">\n\t\t\t\t\t\t<div class=\"elementor-container elementor-column-gap-default\">\n\t\t\t\t\t<div class=\"elementor-column elementor-col-50 elementor-top-column elementor-element elementor-element-5b8cf6c7\" data-id=\"5b8cf6c7\" data-element_type=\"column\" data-settings=\"{&quot;background_background&quot;:&quot;classic&quot;}\">\n\t\t\t<div class=\"elementor-widget-wrap elementor-element-populated\">\n\t\t\t\t\t\t<div class=\"elementor-element elementor-element-16f03604 bloc-gauche elementor-widget elementor-widget-text-editor\" data-id=\"16f03604\" data-element_type=\"widget\" data-widget_type=\"text-editor.default\">\n\t\t\t\t<div class=\"elementor-widget-container\">\n\t\t\t\t\t\t\t\t\t<h4><span style=\"color: #ffffff;\">schedule :<\/span><\/h4><p>&#8211; 9:00 a.m. to 11:30 a.m.: Narrated tour of the Museum + quiz on site n\u00b0 1 (in the village)<\/p><p>&#8211; 9 a.m. Arrival of students<\/p><p>. Installed in front of the wheelwright&#8217;s workshop : tale of the wheelwright<br \/>. Installed in front of light panels : tale of life J. Besset and his company<\/p><p>&#8211; 10 a.m. to 10:30 a.m. : Snack break<\/p><p>&#8211; 10:30 a.m. to 11:30 a.m. :<\/p><p>. Video<br \/>. A quick tour of the miniatures<br \/>. Quiz (15 questions)<br \/>. Souvenir photo<\/p><p>&#8211; 11:30 a.m. to 1:15 p.m. : Lunch break<\/p><p>&#8211; 1:15 p.m. : Departure for site no. 2, 800 meters from site no. 1, on foot (around 20 minutes walk)<\/p><p>&#8211; 1:45 p.m. to 3:45 p.m. : Visit to site n\u00b0 2 and workshops, allow one adult per workshop (2 museum guides will be present)<\/p><p>Prices<\/p><p><a href=\"https:\/\/www.museeducar.fr\/en\/contact-and-reservations\/\">Contact us<\/a><\/p>\t\t\t\t\t\t\t\t<\/div>\n\t\t\t\t<\/div>\n\t\t\t\t\t<\/div>\n\t\t<\/div>\n\t\t\t\t<div class=\"elementor-column elementor-col-50 elementor-top-column elementor-element elementor-element-2ab3e88d elementor-hidden-mobile\" data-id=\"2ab3e88d\" data-element_type=\"column\">\n\t\t\t<div class=\"elementor-widget-wrap elementor-element-populated\">\n\t\t\t\t\t\t<div class=\"elementor-element elementor-element-1b7859ae image-droite elementor-invisible elementor-widget elementor-widget-image\" data-id=\"1b7859ae\" data-element_type=\"widget\" data-settings=\"{&quot;_animation&quot;:&quot;fadeInRight&quot;}\" data-widget_type=\"image.default\">\n\t\t\t\t<div class=\"elementor-widget-container\">\n\t\t\t\t\t\t\t\t\t\t\t\t\t\t\t<img fetchpriority=\"high\" decoding=\"async\" width=\"600\" height=\"400\" src=\"https:\/\/www.museeducar.fr\/wp-content\/uploads\/2023\/01\/atelier-scolaire-pedagogique-musee-car-la-vanaude-1-600x400.jpg\" class=\"attachment-600x400 size-600x400 wp-image-5786\" alt=\"\" srcset=\"https:\/\/www.museeducar.fr\/wp-content\/uploads\/2023\/01\/atelier-scolaire-pedagogique-musee-car-la-vanaude-1.jpg 600w, https:\/\/www.museeducar.fr\/wp-content\/uploads\/2023\/01\/atelier-scolaire-pedagogique-musee-car-la-vanaude-1-300x200.jpg 300w\" sizes=\"(max-width: 600px) 100vw, 600px\" \/>\t\t\t\t\t\t\t\t\t\t\t\t\t\t\t<\/div>\n\t\t\t\t<\/div>\n\t\t\t\t<div class=\"elementor-element elementor-element-41b068af image-droite elementor-invisible elementor-widget elementor-widget-image\" data-id=\"41b068af\" data-element_type=\"widget\" data-settings=\"{&quot;_animation&quot;:&quot;fadeInRight&quot;}\" data-widget_type=\"image.default\">\n\t\t\t\t<div class=\"elementor-widget-container\">\n\t\t\t\t\t\t\t\t\t\t\t\t\t\t\t<img decoding=\"async\" width=\"600\" height=\"400\" src=\"https:\/\/www.museeducar.fr\/wp-content\/uploads\/2023\/01\/atelier-scolaire-pedagogique-musee-car-la-vanaude-2-600x400.jpg\" class=\"attachment-600x400 size-600x400 wp-image-5783\" alt=\"\" srcset=\"https:\/\/www.museeducar.fr\/wp-content\/uploads\/2023\/01\/atelier-scolaire-pedagogique-musee-car-la-vanaude-2.jpg 600w, https:\/\/www.museeducar.fr\/wp-content\/uploads\/2023\/01\/atelier-scolaire-pedagogique-musee-car-la-vanaude-2-300x200.jpg 300w\" sizes=\"(max-width: 600px) 100vw, 600px\" \/>\t\t\t\t\t\t\t\t\t\t\t\t\t\t\t<\/div>\n\t\t\t\t<\/div>\n\t\t\t\t\t<\/div>\n\t\t<\/div>\n\t\t\t\t\t<\/div>\n\t\t<\/section>\n\t\t\t\t<section class=\"elementor-section elementor-top-section elementor-element elementor-element-5086e584 elementor-section-stretched elementor-section-content-middle elementor-section-boxed elementor-section-height-default elementor-section-height-default\" data-id=\"5086e584\" data-element_type=\"section\" data-settings=\"{&quot;stretch_section&quot;:&quot;section-stretched&quot;,&quot;background_background&quot;:&quot;classic&quot;,&quot;background_motion_fx_motion_fx_scrolling&quot;:&quot;yes&quot;,&quot;background_motion_fx_translateY_effect&quot;:&quot;yes&quot;,&quot;background_motion_fx_translateY_speed&quot;:{&quot;unit&quot;:&quot;px&quot;,&quot;size&quot;:8,&quot;sizes&quot;:[]},&quot;background_motion_fx_translateY_affectedRange&quot;:{&quot;unit&quot;:&quot;%&quot;,&quot;size&quot;:&quot;&quot;,&quot;sizes&quot;:{&quot;start&quot;:0,&quot;end&quot;:80}},&quot;background_motion_fx_devices&quot;:[&quot;desktop&quot;,&quot;tablet&quot;,&quot;mobile&quot;]}\">\n\t\t\t\t\t\t<div class=\"elementor-container elementor-column-gap-default\">\n\t\t\t\t\t<div class=\"elementor-column elementor-col-50 elementor-top-column elementor-element elementor-element-239064ac\" data-id=\"239064ac\" data-element_type=\"column\">\n\t\t\t<div class=\"elementor-widget-wrap elementor-element-populated\">\n\t\t\t\t\t\t<div class=\"elementor-element elementor-element-66e59d06 elementor-invisible elementor-widget elementor-widget-image\" data-id=\"66e59d06\" data-element_type=\"widget\" data-settings=\"{&quot;_animation&quot;:&quot;fadeInLeft&quot;}\" data-widget_type=\"image.default\">\n\t\t\t\t<div class=\"elementor-widget-container\">\n\t\t\t\t\t\t\t\t\t\t\t\t\t\t\t<img loading=\"lazy\" decoding=\"async\" width=\"600\" height=\"400\" src=\"https:\/\/www.museeducar.fr\/wp-content\/uploads\/2023\/01\/atelier-scolaire-pedagogique-musee-car-la-vanaude-3-600x400.jpg\" class=\"attachment-600x400 size-600x400 wp-image-5784\" alt=\"\" srcset=\"https:\/\/www.museeducar.fr\/wp-content\/uploads\/2023\/01\/atelier-scolaire-pedagogique-musee-car-la-vanaude-3.jpg 600w, https:\/\/www.museeducar.fr\/wp-content\/uploads\/2023\/01\/atelier-scolaire-pedagogique-musee-car-la-vanaude-3-300x200.jpg 300w\" sizes=\"(max-width: 600px) 100vw, 600px\" \/>\t\t\t\t\t\t\t\t\t\t\t\t\t\t\t<\/div>\n\t\t\t\t<\/div>\n\t\t\t\t\t<\/div>\n\t\t<\/div>\n\t\t\t\t<div class=\"elementor-column elementor-col-50 elementor-top-column elementor-element elementor-element-23da20d0\" data-id=\"23da20d0\" data-element_type=\"column\">\n\t\t\t<div class=\"elementor-widget-wrap elementor-element-populated\">\n\t\t\t\t\t\t<div class=\"elementor-element elementor-element-3f0af76 elementor-invisible elementor-widget elementor-widget-image\" data-id=\"3f0af76\" data-element_type=\"widget\" data-settings=\"{&quot;_animation&quot;:&quot;fadeInRight&quot;}\" data-widget_type=\"image.default\">\n\t\t\t\t<div class=\"elementor-widget-container\">\n\t\t\t\t\t\t\t\t\t\t\t\t\t\t\t<img loading=\"lazy\" decoding=\"async\" width=\"600\" height=\"400\" src=\"https:\/\/www.museeducar.fr\/wp-content\/uploads\/2023\/01\/atelier-scolaire-pedagogique-musee-car-la-vanaude-4-600x400.jpg\" class=\"attachment-600x400 size-600x400 wp-image-5785\" alt=\"\" srcset=\"https:\/\/www.museeducar.fr\/wp-content\/uploads\/2023\/01\/atelier-scolaire-pedagogique-musee-car-la-vanaude-4.jpg 600w, https:\/\/www.museeducar.fr\/wp-content\/uploads\/2023\/01\/atelier-scolaire-pedagogique-musee-car-la-vanaude-4-300x200.jpg 300w\" sizes=\"(max-width: 600px) 100vw, 600px\" \/>\t\t\t\t\t\t\t\t\t\t\t\t\t\t\t<\/div>\n\t\t\t\t<\/div>\n\t\t\t\t\t<\/div>\n\t\t<\/div>\n\t\t\t\t\t<\/div>\n\t\t<\/section>\n\t\t\t\t<section class=\"elementor-section elementor-top-section elementor-element elementor-element-5a6746ee elementor-section-stretched elementor-section-content-middle elementor-section-boxed elementor-section-height-default elementor-section-height-default\" data-id=\"5a6746ee\" data-element_type=\"section\" data-settings=\"{&quot;stretch_section&quot;:&quot;section-stretched&quot;,&quot;background_background&quot;:&quot;classic&quot;,&quot;background_motion_fx_motion_fx_scrolling&quot;:&quot;yes&quot;,&quot;background_motion_fx_translateY_effect&quot;:&quot;yes&quot;,&quot;background_motion_fx_translateY_speed&quot;:{&quot;unit&quot;:&quot;px&quot;,&quot;size&quot;:8,&quot;sizes&quot;:[]},&quot;background_motion_fx_translateY_affectedRange&quot;:{&quot;unit&quot;:&quot;%&quot;,&quot;size&quot;:&quot;&quot;,&quot;sizes&quot;:{&quot;start&quot;:0,&quot;end&quot;:80}},&quot;background_motion_fx_devices&quot;:[&quot;desktop&quot;,&quot;tablet&quot;,&quot;mobile&quot;]}\">\n\t\t\t\t\t\t<div class=\"elementor-container elementor-column-gap-default\">\n\t\t\t\t\t<div class=\"elementor-column elementor-col-100 elementor-top-column elementor-element elementor-element-112fbcc0\" data-id=\"112fbcc0\" data-element_type=\"column\">\n\t\t\t<div class=\"elementor-widget-wrap elementor-element-populated\">\n\t\t\t\t\t\t<div class=\"elementor-element elementor-element-3d06cb45 elementor-headline--style-highlight elementor-widget elementor-widget-animated-headline\" data-id=\"3d06cb45\" data-element_type=\"widget\" data-settings=\"{&quot;marker&quot;:&quot;underline&quot;,&quot;highlighted_text&quot;:&quot;informations ?&quot;,&quot;headline_style&quot;:&quot;highlight&quot;,&quot;loop&quot;:&quot;yes&quot;,&quot;highlight_animation_duration&quot;:1200,&quot;highlight_iteration_delay&quot;:8000}\" data-widget_type=\"animated-headline.default\">\n\t\t\t\t<div class=\"elementor-widget-container\">\n\t\t\t\t\t\t\t<h2 class=\"elementor-headline\">\n\t\t\t\t\t<span class=\"elementor-headline-plain-text elementor-headline-text-wrapper\">Need more<\/span>\n\t\t\t\t<span class=\"elementor-headline-dynamic-wrapper elementor-headline-text-wrapper\">\n\t\t\t\t\t<span class=\"elementor-headline-dynamic-text elementor-headline-text-active\">informations ?<\/span>\n\t\t\t\t<\/span>\n\t\t\t\t<\/h2>\n\t\t\t\t\t\t<\/div>\n\t\t\t\t<\/div>\n\t\t\t\t<section class=\"elementor-section elementor-inner-section elementor-element elementor-element-62885694 elementor-section-boxed elementor-section-height-default elementor-section-height-default\" data-id=\"62885694\" data-element_type=\"section\">\n\t\t\t\t\t\t<div class=\"elementor-container elementor-column-gap-default\">\n\t\t\t\t\t<div class=\"elementor-column elementor-col-33 elementor-inner-column elementor-element elementor-element-2cbd7fc7\" data-id=\"2cbd7fc7\" data-element_type=\"column\">\n\t\t\t<div class=\"elementor-widget-wrap elementor-element-populated\">\n\t\t\t\t\t\t<div class=\"elementor-element elementor-element-721705cc elementor-align-center elementor-widget__width-auto elementor-widget elementor-widget-button\" data-id=\"721705cc\" data-element_type=\"widget\" data-widget_type=\"button.default\">\n\t\t\t\t<div class=\"elementor-widget-container\">\n\t\t\t\t\t\t\t\t\t<div class=\"elementor-button-wrapper\">\n\t\t\t\t\t<a class=\"elementor-button elementor-button-link elementor-size-md\" href=\"https:\/\/www.museeducar.fr\/contact-et-reservations\/\">\n\t\t\t\t\t\t<span class=\"elementor-button-content-wrapper\">\n\t\t\t\t\t\t\t\t\t<span class=\"elementor-button-text\">CONTACT &amp; RESERVATIONS<\/span>\n\t\t\t\t\t<\/span>\n\t\t\t\t\t<\/a>\n\t\t\t\t<\/div>\n\t\t\t\t\t\t\t\t<\/div>\n\t\t\t\t<\/div>\n\t\t\t\t\t<\/div>\n\t\t<\/div>\n\t\t\t\t<div class=\"elementor-column elementor-col-33 elementor-inner-column elementor-element elementor-element-683e3f46\" data-id=\"683e3f46\" data-element_type=\"column\">\n\t\t\t<div class=\"elementor-widget-wrap elementor-element-populated\">\n\t\t\t\t\t\t<div class=\"elementor-element elementor-element-181a0ffc elementor-align-center elementor-widget__width-auto elementor-widget elementor-widget-button\" data-id=\"181a0ffc\" data-element_type=\"widget\" data-widget_type=\"button.default\">\n\t\t\t\t<div class=\"elementor-widget-container\">\n\t\t\t\t\t\t\t\t\t<div class=\"elementor-button-wrapper\">\n\t\t\t\t\t<a class=\"elementor-button elementor-button-link elementor-size-md\" href=\"https:\/\/www.museeducar.fr\/tarifs-horaires-de-visite\/\">\n\t\t\t\t\t\t<span class=\"elementor-button-content-wrapper\">\n\t\t\t\t\t\t\t\t\t<span class=\"elementor-button-text\">Prices + hours<\/span>\n\t\t\t\t\t<\/span>\n\t\t\t\t\t<\/a>\n\t\t\t\t<\/div>\n\t\t\t\t\t\t\t\t<\/div>\n\t\t\t\t<\/div>\n\t\t\t\t\t<\/div>\n\t\t<\/div>\n\t\t\t\t<div class=\"elementor-column elementor-col-33 elementor-inner-column elementor-element elementor-element-3f11441\" data-id=\"3f11441\" data-element_type=\"column\">\n\t\t\t<div class=\"elementor-widget-wrap elementor-element-populated\">\n\t\t\t\t\t\t<div class=\"elementor-element elementor-element-3760fd19 elementor-align-center elementor-widget__width-auto elementor-widget elementor-widget-button\" data-id=\"3760fd19\" data-element_type=\"widget\" data-widget_type=\"button.default\">\n\t\t\t\t<div class=\"elementor-widget-container\">\n\t\t\t\t\t\t\t\t\t<div class=\"elementor-button-wrapper\">\n\t\t\t\t\t<a class=\"elementor-button elementor-button-link elementor-size-md\" href=\"\/stationnements\/\">\n\t\t\t\t\t\t<span class=\"elementor-button-content-wrapper\">\n\t\t\t\t\t\t\t\t\t<span class=\"elementor-button-text\">OUR PARKING LOTS<\/span>\n\t\t\t\t\t<\/span>\n\t\t\t\t\t<\/a>\n\t\t\t\t<\/div>\n\t\t\t\t\t\t\t\t<\/div>\n\t\t\t\t<\/div>\n\t\t\t\t\t<\/div>\n\t\t<\/div>\n\t\t\t\t\t<\/div>\n\t\t<\/section>\n\t\t\t\t\t<\/div>\n\t\t<\/div>\n\t\t\t\t\t<\/div>\n\t\t<\/section>\n\t\t\t\t<\/div>\n\t\t","protected":false},"excerpt":{"rendered":"<p>The Museum welcomes school groups The Museum welcomes school groups from CP to CM2.We have 2 proposals:&#8211; Half-day: A simple and adapted guided tour lasting 1h30 to 2h&#8211; For the [&hellip;]<\/p>\n","protected":false},"author":1,"featured_media":0,"parent":0,"menu_order":0,"comment_status":"closed","ping_status":"closed","template":"","meta":{"_locale":"en_GB","_original_post":"https:\/\/www.museeducar.fr\/?page_id=5030","footnotes":""},"class_list":["post-8310","page","type-page","status-publish","hentry","en-GB"],"yoast_head":"<!-- This site is optimized with the Yoast SEO plugin v26.7 - https:\/\/yoast.com\/wordpress\/plugins\/seo\/ -->\n<title>School Groups | Coach and wheelwright museum<\/title>\n<meta name=\"description\" content=\"We welcome school groups from CP to CM2 for half a day (single visit) or full day (coupled visit with workshops).\" \/>\n<meta name=\"robots\" content=\"index, follow, max-snippet:-1, max-image-preview:large, max-video-preview:-1\" \/>\n<link rel=\"canonical\" href=\"https:\/\/www.museeducar.fr\/en\/school-group-entertainments\/\" \/>\n<meta property=\"og:locale\" content=\"en_GB\" \/>\n<meta property=\"og:type\" content=\"article\" \/>\n<meta property=\"og:title\" content=\"School Groups | Coach and wheelwright museum\" \/>\n<meta property=\"og:description\" content=\"We welcome school groups from CP to CM2 for half a day (single visit) or full day (coupled visit with workshops).\" \/>\n<meta property=\"og:url\" content=\"https:\/\/www.museeducar.fr\/en\/school-group-entertainments\/\" \/>\n<meta property=\"og:site_name\" content=\"Mus\u00e9e du car et du charronnage Vanosc\" \/>\n<meta property=\"article:publisher\" content=\"https:\/\/www.facebook.com\/lavanaude\" \/>\n<meta property=\"article:modified_time\" content=\"2025-01-22T08:57:51+00:00\" \/>\n<meta property=\"og:image\" content=\"https:\/\/www.museeducar.fr\/wp-content\/uploads\/2023\/02\/IE-SITE-MUSEE-DU-CAR-VANOSC.jpg\" \/>\n\t<meta property=\"og:image:width\" content=\"1200\" \/>\n\t<meta property=\"og:image:height\" content=\"628\" \/>\n\t<meta property=\"og:image:type\" content=\"image\/jpeg\" \/>\n<meta name=\"twitter:card\" content=\"summary_large_image\" \/>\n<meta name=\"twitter:label1\" content=\"Estimated reading time\" \/>\n\t<meta name=\"twitter:data1\" content=\"2 minutes\" \/>\n<script type=\"application\/ld+json\" class=\"yoast-schema-graph\">{\"@context\":\"https:\/\/schema.org\",\"@graph\":[{\"@type\":\"WebPage\",\"@id\":\"https:\/\/www.museeducar.fr\/en\/school-group-entertainments\/\",\"url\":\"https:\/\/www.museeducar.fr\/en\/school-group-entertainments\/\",\"name\":\"School Groups | Coach and wheelwright museum\",\"isPartOf\":{\"@id\":\"https:\/\/www.museeducar.fr\/#website\"},\"primaryImageOfPage\":{\"@id\":\"https:\/\/www.museeducar.fr\/en\/school-group-entertainments\/#primaryimage\"},\"image\":{\"@id\":\"https:\/\/www.museeducar.fr\/en\/school-group-entertainments\/#primaryimage\"},\"thumbnailUrl\":\"https:\/\/www.museeducar.fr\/wp-content\/uploads\/2023\/01\/separateur-icone-musee-vehicule-ancien-isobloc.png\",\"datePublished\":\"2025-01-16T16:41:49+00:00\",\"dateModified\":\"2025-01-22T08:57:51+00:00\",\"description\":\"We welcome school groups from CP to CM2 for half a day (single visit) or full day (coupled visit with workshops).\",\"breadcrumb\":{\"@id\":\"https:\/\/www.museeducar.fr\/en\/school-group-entertainments\/#breadcrumb\"},\"inLanguage\":\"en-GB\",\"potentialAction\":[{\"@type\":\"ReadAction\",\"target\":[\"https:\/\/www.museeducar.fr\/en\/school-group-entertainments\/\"]}]},{\"@type\":\"ImageObject\",\"inLanguage\":\"en-GB\",\"@id\":\"https:\/\/www.museeducar.fr\/en\/school-group-entertainments\/#primaryimage\",\"url\":\"https:\/\/www.museeducar.fr\/wp-content\/uploads\/2023\/01\/separateur-icone-musee-vehicule-ancien-isobloc.png\",\"contentUrl\":\"https:\/\/www.museeducar.fr\/wp-content\/uploads\/2023\/01\/separateur-icone-musee-vehicule-ancien-isobloc.png\",\"width\":180,\"height\":48},{\"@type\":\"BreadcrumbList\",\"@id\":\"https:\/\/www.museeducar.fr\/en\/school-group-entertainments\/#breadcrumb\",\"itemListElement\":[{\"@type\":\"ListItem\",\"position\":1,\"name\":\"Accueil\",\"item\":\"https:\/\/www.museeducar.fr\/en\/\"},{\"@type\":\"ListItem\",\"position\":2,\"name\":\"School\"}]},{\"@type\":\"WebSite\",\"@id\":\"https:\/\/www.museeducar.fr\/#website\",\"url\":\"https:\/\/www.museeducar.fr\/\",\"name\":\"Mus\u00e9e du car et du charronnage Vanosc\",\"description\":\"\",\"publisher\":{\"@id\":\"https:\/\/www.museeducar.fr\/#organization\"},\"potentialAction\":[{\"@type\":\"SearchAction\",\"target\":{\"@type\":\"EntryPoint\",\"urlTemplate\":\"https:\/\/www.museeducar.fr\/?s={search_term_string}\"},\"query-input\":{\"@type\":\"PropertyValueSpecification\",\"valueRequired\":true,\"valueName\":\"search_term_string\"}}],\"inLanguage\":\"en-GB\"},{\"@type\":\"Organization\",\"@id\":\"https:\/\/www.museeducar.fr\/#organization\",\"name\":\"Mus\u00e9e du car \u00e0 Vanosc\",\"alternateName\":\"Mus\u00e9e du charronnage au car\",\"url\":\"https:\/\/www.museeducar.fr\/\",\"logo\":{\"@type\":\"ImageObject\",\"inLanguage\":\"en-GB\",\"@id\":\"https:\/\/www.museeducar.fr\/#\/schema\/logo\/image\/\",\"url\":\"https:\/\/www.museeducar.fr\/wp-content\/uploads\/2021\/08\/logo-musee-car-joseph-besset-vanosc-blanc-1.png\",\"contentUrl\":\"https:\/\/www.museeducar.fr\/wp-content\/uploads\/2021\/08\/logo-musee-car-joseph-besset-vanosc-blanc-1.png\",\"width\":300,\"height\":293,\"caption\":\"Mus\u00e9e du car \u00e0 Vanosc\"},\"image\":{\"@id\":\"https:\/\/www.museeducar.fr\/#\/schema\/logo\/image\/\"},\"sameAs\":[\"https:\/\/www.facebook.com\/lavanaude\"]}]}<\/script>\n<!-- \/ Yoast SEO plugin. -->","yoast_head_json":{"title":"School Groups | Coach and wheelwright museum","description":"We welcome school groups from CP to CM2 for half a day (single visit) or full day (coupled visit with workshops).","robots":{"index":"index","follow":"follow","max-snippet":"max-snippet:-1","max-image-preview":"max-image-preview:large","max-video-preview":"max-video-preview:-1"},"canonical":"https:\/\/www.museeducar.fr\/en\/school-group-entertainments\/","og_locale":"en_GB","og_type":"article","og_title":"School Groups | Coach and wheelwright museum","og_description":"We welcome school groups from CP to CM2 for half a day (single visit) or full day (coupled visit with workshops).","og_url":"https:\/\/www.museeducar.fr\/en\/school-group-entertainments\/","og_site_name":"Mus\u00e9e du car et du charronnage Vanosc","article_publisher":"https:\/\/www.facebook.com\/lavanaude","article_modified_time":"2025-01-22T08:57:51+00:00","og_image":[{"width":1200,"height":628,"url":"https:\/\/www.museeducar.fr\/wp-content\/uploads\/2023\/02\/IE-SITE-MUSEE-DU-CAR-VANOSC.jpg","type":"image\/jpeg"}],"twitter_card":"summary_large_image","twitter_misc":{"Estimated reading time":"2 minutes"},"schema":{"@context":"https:\/\/schema.org","@graph":[{"@type":"WebPage","@id":"https:\/\/www.museeducar.fr\/en\/school-group-entertainments\/","url":"https:\/\/www.museeducar.fr\/en\/school-group-entertainments\/","name":"School Groups | Coach and wheelwright museum","isPartOf":{"@id":"https:\/\/www.museeducar.fr\/#website"},"primaryImageOfPage":{"@id":"https:\/\/www.museeducar.fr\/en\/school-group-entertainments\/#primaryimage"},"image":{"@id":"https:\/\/www.museeducar.fr\/en\/school-group-entertainments\/#primaryimage"},"thumbnailUrl":"https:\/\/www.museeducar.fr\/wp-content\/uploads\/2023\/01\/separateur-icone-musee-vehicule-ancien-isobloc.png","datePublished":"2025-01-16T16:41:49+00:00","dateModified":"2025-01-22T08:57:51+00:00","description":"We welcome school groups from CP to CM2 for half a day (single visit) or full day (coupled visit with workshops).","breadcrumb":{"@id":"https:\/\/www.museeducar.fr\/en\/school-group-entertainments\/#breadcrumb"},"inLanguage":"en-GB","potentialAction":[{"@type":"ReadAction","target":["https:\/\/www.museeducar.fr\/en\/school-group-entertainments\/"]}]},{"@type":"ImageObject","inLanguage":"en-GB","@id":"https:\/\/www.museeducar.fr\/en\/school-group-entertainments\/#primaryimage","url":"https:\/\/www.museeducar.fr\/wp-content\/uploads\/2023\/01\/separateur-icone-musee-vehicule-ancien-isobloc.png","contentUrl":"https:\/\/www.museeducar.fr\/wp-content\/uploads\/2023\/01\/separateur-icone-musee-vehicule-ancien-isobloc.png","width":180,"height":48},{"@type":"BreadcrumbList","@id":"https:\/\/www.museeducar.fr\/en\/school-group-entertainments\/#breadcrumb","itemListElement":[{"@type":"ListItem","position":1,"name":"Accueil","item":"https:\/\/www.museeducar.fr\/en\/"},{"@type":"ListItem","position":2,"name":"School"}]},{"@type":"WebSite","@id":"https:\/\/www.museeducar.fr\/#website","url":"https:\/\/www.museeducar.fr\/","name":"Mus\u00e9e du car et du charronnage Vanosc","description":"","publisher":{"@id":"https:\/\/www.museeducar.fr\/#organization"},"potentialAction":[{"@type":"SearchAction","target":{"@type":"EntryPoint","urlTemplate":"https:\/\/www.museeducar.fr\/?s={search_term_string}"},"query-input":{"@type":"PropertyValueSpecification","valueRequired":true,"valueName":"search_term_string"}}],"inLanguage":"en-GB"},{"@type":"Organization","@id":"https:\/\/www.museeducar.fr\/#organization","name":"Mus\u00e9e du car \u00e0 Vanosc","alternateName":"Mus\u00e9e du charronnage au car","url":"https:\/\/www.museeducar.fr\/","logo":{"@type":"ImageObject","inLanguage":"en-GB","@id":"https:\/\/www.museeducar.fr\/#\/schema\/logo\/image\/","url":"https:\/\/www.museeducar.fr\/wp-content\/uploads\/2021\/08\/logo-musee-car-joseph-besset-vanosc-blanc-1.png","contentUrl":"https:\/\/www.museeducar.fr\/wp-content\/uploads\/2021\/08\/logo-musee-car-joseph-besset-vanosc-blanc-1.png","width":300,"height":293,"caption":"Mus\u00e9e du car \u00e0 Vanosc"},"image":{"@id":"https:\/\/www.museeducar.fr\/#\/schema\/logo\/image\/"},"sameAs":["https:\/\/www.facebook.com\/lavanaude"]}]}},"_links":{"self":[{"href":"https:\/\/www.museeducar.fr\/wp-json\/wp\/v2\/pages\/8310","targetHints":{"allow":["GET"]}}],"collection":[{"href":"https:\/\/www.museeducar.fr\/wp-json\/wp\/v2\/pages"}],"about":[{"href":"https:\/\/www.museeducar.fr\/wp-json\/wp\/v2\/types\/page"}],"author":[{"embeddable":true,"href":"https:\/\/www.museeducar.fr\/wp-json\/wp\/v2\/users\/1"}],"replies":[{"embeddable":true,"href":"https:\/\/www.museeducar.fr\/wp-json\/wp\/v2\/comments?post=8310"}],"version-history":[{"count":8,"href":"https:\/\/www.museeducar.fr\/wp-json\/wp\/v2\/pages\/8310\/revisions"}],"predecessor-version":[{"id":8504,"href":"https:\/\/www.museeducar.fr\/wp-json\/wp\/v2\/pages\/8310\/revisions\/8504"}],"wp:attachment":[{"href":"https:\/\/www.museeducar.fr\/wp-json\/wp\/v2\/media?parent=8310"}],"curies":[{"name":"wp","href":"https:\/\/api.w.org\/{rel}","templated":true}]}}