{"id":8324,"date":"2025-01-16T17:52:54","date_gmt":"2025-01-16T16:52:54","guid":{"rendered":"https:\/\/www.museeducar.fr\/?page_id=8324"},"modified":"2025-01-22T10:22:50","modified_gmt":"2025-01-22T09:22:50","slug":"prices-visiting-times","status":"publish","type":"page","link":"https:\/\/www.museeducar.fr\/en\/prices-visiting-times\/","title":{"rendered":"Prices + Visiting times"},"content":{"rendered":"\t\t<div data-elementor-type=\"wp-page\" data-elementor-id=\"8324\" class=\"elementor elementor-8324\" data-elementor-post-type=\"page\">\n\t\t\t\t\t\t<section class=\"elementor-section elementor-top-section elementor-element elementor-element-36e03c85 elementor-section-stretched elementor-section-boxed elementor-section-height-default elementor-section-height-default\" data-id=\"36e03c85\" data-element_type=\"section\" data-settings=\"{&quot;stretch_section&quot;:&quot;section-stretched&quot;,&quot;background_background&quot;:&quot;classic&quot;}\">\n\t\t\t\t\t\t<div class=\"elementor-container elementor-column-gap-default\">\n\t\t\t\t\t<div class=\"elementor-column elementor-col-100 elementor-top-column elementor-element elementor-element-4de6e7b1\" data-id=\"4de6e7b1\" data-element_type=\"column\">\n\t\t\t<div class=\"elementor-widget-wrap elementor-element-populated\">\n\t\t\t\t\t\t<div class=\"elementor-element elementor-element-54aa7520 elementor-widget elementor-widget-heading\" data-id=\"54aa7520\" data-element_type=\"widget\" data-widget_type=\"heading.default\">\n\t\t\t\t<div class=\"elementor-widget-container\">\n\t\t\t\t\t<h1 class=\"elementor-heading-title elementor-size-xxl\">Prices + Visiting times<\/h1>\t\t\t\t<\/div>\n\t\t\t\t<\/div>\n\t\t\t\t\t<\/div>\n\t\t<\/div>\n\t\t\t\t\t<\/div>\n\t\t<\/section>\n\t\t\t\t<section class=\"elementor-section elementor-top-section elementor-element elementor-element-79c0067b elementor-section-boxed elementor-section-height-default elementor-section-height-default\" data-id=\"79c0067b\" data-element_type=\"section\">\n\t\t\t\t\t\t<div class=\"elementor-container elementor-column-gap-default\">\n\t\t\t\t\t<div class=\"elementor-column elementor-col-100 elementor-top-column elementor-element elementor-element-666c5513\" data-id=\"666c5513\" data-element_type=\"column\">\n\t\t\t<div class=\"elementor-widget-wrap elementor-element-populated\">\n\t\t\t\t\t\t<div class=\"elementor-element elementor-element-a3fe88a elementor-headline--style-highlight elementor-widget elementor-widget-animated-headline\" data-id=\"a3fe88a\" data-element_type=\"widget\" data-settings=\"{&quot;marker&quot;:&quot;underline&quot;,&quot;highlighted_text&quot;:&quot;prices and visiting&quot;,&quot;headline_style&quot;:&quot;highlight&quot;,&quot;loop&quot;:&quot;yes&quot;,&quot;highlight_animation_duration&quot;:1200,&quot;highlight_iteration_delay&quot;:8000}\" data-widget_type=\"animated-headline.default\">\n\t\t\t\t<div class=\"elementor-widget-container\">\n\t\t\t\t\t\t\t<h2 class=\"elementor-headline\">\n\t\t\t\t\t<span class=\"elementor-headline-plain-text elementor-headline-text-wrapper\">Our<\/span>\n\t\t\t\t<span class=\"elementor-headline-dynamic-wrapper elementor-headline-text-wrapper\">\n\t\t\t\t\t<span class=\"elementor-headline-dynamic-text elementor-headline-text-active\">prices and visiting<\/span>\n\t\t\t\t<\/span>\n\t\t\t\t\t<span class=\"elementor-headline-plain-text elementor-headline-text-wrapper\">times<\/span>\n\t\t\t\t\t<\/h2>\n\t\t\t\t\t\t<\/div>\n\t\t\t\t<\/div>\n\t\t\t\t<div class=\"elementor-element elementor-element-54676f2 elementor-widget elementor-widget-image\" data-id=\"54676f2\" data-element_type=\"widget\" data-widget_type=\"image.default\">\n\t\t\t\t<div class=\"elementor-widget-container\">\n\t\t\t\t\t\t\t\t\t\t\t\t\t\t\t<img decoding=\"async\" width=\"180\" height=\"48\" src=\"https:\/\/www.museeducar.fr\/wp-content\/uploads\/2023\/01\/separateur-icone-musee-vehicule-ancien-isobloc.png\" class=\"attachment-full size-full wp-image-5412\" alt=\"\" \/>\t\t\t\t\t\t\t\t\t\t\t\t\t\t\t<\/div>\n\t\t\t\t<\/div>\n\t\t\t\t<div class=\"elementor-element elementor-element-63237ba9 elementor-widget elementor-widget-text-editor\" data-id=\"63237ba9\" data-element_type=\"widget\" data-widget_type=\"text-editor.default\">\n\t\t\t\t<div class=\"elementor-widget-container\">\n\t\t\t\t\t\t\t\t\t<p style=\"text-align: center;\">Discover the prices offered and our different visiting times. Average visit duration: 1h30.<\/p>\t\t\t\t\t\t\t\t<\/div>\n\t\t\t\t<\/div>\n\t\t\t\t\t<\/div>\n\t\t<\/div>\n\t\t\t\t\t<\/div>\n\t\t<\/section>\n\t\t\t\t<section class=\"elementor-section elementor-top-section elementor-element elementor-element-16cb94e elementor-section-content-middle elementor-section-stretched elementor-section-boxed elementor-section-height-default elementor-section-height-default\" data-id=\"16cb94e\" data-element_type=\"section\" data-settings=\"{&quot;stretch_section&quot;:&quot;section-stretched&quot;}\">\n\t\t\t\t\t\t<div class=\"elementor-container elementor-column-gap-default\">\n\t\t\t\t\t<div class=\"elementor-column elementor-col-50 elementor-top-column elementor-element elementor-element-290a3ee6\" data-id=\"290a3ee6\" data-element_type=\"column\" data-settings=\"{&quot;background_background&quot;:&quot;classic&quot;}\">\n\t\t\t<div class=\"elementor-widget-wrap elementor-element-populated\">\n\t\t\t\t\t\t<div class=\"elementor-element elementor-element-4b92f272 bloc-gauche elementor-widget elementor-widget-text-editor\" data-id=\"4b92f272\" data-element_type=\"widget\" data-widget_type=\"text-editor.default\">\n\t\t\t\t<div class=\"elementor-widget-container\">\n\t\t\t\t\t\t\t\t\t<h4><strong><span style=\"color: #ffffff;\">Prices :<br \/><\/span><\/strong><\/h4><p>General admission : \u20ac7.00<br \/>Group price (starting 10 persons) : \u20ac5.00<\/p><p>Reduced admission : unemployed, student, PRM, young (aged 12 to 18) : \u20ac5.00<\/p><p>Child and baby (under 12): free<\/p><h4><span style=\"color: #ffffff;\">Schedules :<br \/><\/span><\/h4><p>HIGH SEASON &#8211; From April 15 to October 15: museum open Wednesday to Friday 10 a.m. to 12:30 p.m. and 3 p.m. to 6:30 p.m., and Saturday and Sunday from 3 p.m. to 6:30 p.m.<\/p><p><strong>Guided tour departure times (plan to arrive 10 minutes before):<\/strong><\/p><p><strong>Wednesday, Thursday and Friday :<\/strong><br \/><br \/>10:30 a.m.<br \/>3:10 p.m.<br \/>4:10 p.m.<br \/>5:10 p.m.<br \/><br \/><strong>Saturday and Sunday:<\/strong><br \/><br \/>3:10 p.m.<br \/>4:10 p.m.<br \/>5:10 p.m.<\/p><p><strong>LOW SEASON &#8211; From October 15 to April 15 : by reservation.<\/strong><\/p>\t\t\t\t\t\t\t\t<\/div>\n\t\t\t\t<\/div>\n\t\t\t\t\t<\/div>\n\t\t<\/div>\n\t\t\t\t<div class=\"elementor-column elementor-col-50 elementor-top-column elementor-element elementor-element-750e5817 elementor-hidden-mobile\" data-id=\"750e5817\" data-element_type=\"column\">\n\t\t\t<div class=\"elementor-widget-wrap elementor-element-populated\">\n\t\t\t\t\t\t<div class=\"elementor-element elementor-element-dee8def image-droite elementor-invisible elementor-widget elementor-widget-image\" data-id=\"dee8def\" data-element_type=\"widget\" data-settings=\"{&quot;_animation&quot;:&quot;fadeInRight&quot;}\" data-widget_type=\"image.default\">\n\t\t\t\t<div class=\"elementor-widget-container\">\n\t\t\t\t\t\t\t\t\t\t\t\t\t\t\t<img fetchpriority=\"high\" decoding=\"async\" width=\"885\" height=\"500\" src=\"https:\/\/www.museeducar.fr\/wp-content\/uploads\/2023\/01\/groupe-photo-souvenir-espace-joseph-besset-1.jpg\" class=\"attachment-full size-full wp-image-5138\" alt=\"\" srcset=\"https:\/\/www.museeducar.fr\/wp-content\/uploads\/2023\/01\/groupe-photo-souvenir-espace-joseph-besset-1.jpg 885w, https:\/\/www.museeducar.fr\/wp-content\/uploads\/2023\/01\/groupe-photo-souvenir-espace-joseph-besset-1-300x169.jpg 300w, https:\/\/www.museeducar.fr\/wp-content\/uploads\/2023\/01\/groupe-photo-souvenir-espace-joseph-besset-1-768x434.jpg 768w, https:\/\/www.museeducar.fr\/wp-content\/uploads\/2023\/01\/groupe-photo-souvenir-espace-joseph-besset-1-600x339.jpg 600w\" sizes=\"(max-width: 885px) 100vw, 885px\" \/>\t\t\t\t\t\t\t\t\t\t\t\t\t\t\t<\/div>\n\t\t\t\t<\/div>\n\t\t\t\t\t<\/div>\n\t\t<\/div>\n\t\t\t\t\t<\/div>\n\t\t<\/section>\n\t\t\t\t<\/div>\n\t\t","protected":false},"excerpt":{"rendered":"<p>Our prices and visiting times Discover the prices offered and our different visiting times. Average visit duration: 1h30. Prices : General admission : \u20ac7.00Group price (starting 10 persons) : \u20ac5.00 [&hellip;]<\/p>\n","protected":false},"author":1,"featured_media":0,"parent":0,"menu_order":0,"comment_status":"closed","ping_status":"closed","template":"","meta":{"_locale":"en_GB","_original_post":"https:\/\/www.museeducar.fr\/?page_id=4895","footnotes":""},"class_list":["post-8324","page","type-page","status-publish","hentry","en-GB"],"yoast_head":"<!-- This site is optimized with the Yoast SEO plugin v26.7 - https:\/\/yoast.com\/wordpress\/plugins\/seo\/ -->\n<title>Prices + Visiting times | Coach &amp; Wheelwright museum (07)<\/title>\n<meta name=\"description\" content=\"Here are our prices and visiting times to discover the coach museum and take a trip back to the past of transport vehicles.\" \/>\n<meta name=\"robots\" content=\"index, follow, max-snippet:-1, max-image-preview:large, max-video-preview:-1\" \/>\n<link rel=\"canonical\" href=\"https:\/\/www.museeducar.fr\/en\/prices-visiting-times\/\" \/>\n<meta property=\"og:locale\" content=\"en_GB\" \/>\n<meta property=\"og:type\" content=\"article\" \/>\n<meta property=\"og:title\" content=\"Prices + Visiting times | Coach &amp; Wheelwright museum (07)\" \/>\n<meta property=\"og:description\" content=\"Here are our prices and visiting times to discover the coach museum and take a trip back to the past of transport vehicles.\" \/>\n<meta property=\"og:url\" content=\"https:\/\/www.museeducar.fr\/en\/prices-visiting-times\/\" \/>\n<meta property=\"og:site_name\" content=\"Mus\u00e9e du car et du charronnage Vanosc\" \/>\n<meta property=\"article:publisher\" content=\"https:\/\/www.facebook.com\/lavanaude\" \/>\n<meta property=\"article:modified_time\" content=\"2025-01-22T09:22:50+00:00\" \/>\n<meta property=\"og:image\" content=\"https:\/\/www.museeducar.fr\/wp-content\/uploads\/2023\/02\/IE-SITE-MUSEE-DU-CAR-VANOSC.jpg\" \/>\n\t<meta property=\"og:image:width\" content=\"1200\" \/>\n\t<meta property=\"og:image:height\" content=\"628\" \/>\n\t<meta property=\"og:image:type\" content=\"image\/jpeg\" \/>\n<meta name=\"twitter:card\" content=\"summary_large_image\" \/>\n<meta name=\"twitter:label1\" content=\"Estimated reading time\" \/>\n\t<meta name=\"twitter:data1\" content=\"2 minutes\" \/>\n<script type=\"application\/ld+json\" class=\"yoast-schema-graph\">{\"@context\":\"https:\/\/schema.org\",\"@graph\":[{\"@type\":\"WebPage\",\"@id\":\"https:\/\/www.museeducar.fr\/en\/prices-visiting-times\/\",\"url\":\"https:\/\/www.museeducar.fr\/en\/prices-visiting-times\/\",\"name\":\"Prices + Visiting times | Coach & Wheelwright museum (07)\",\"isPartOf\":{\"@id\":\"https:\/\/www.museeducar.fr\/#website\"},\"primaryImageOfPage\":{\"@id\":\"https:\/\/www.museeducar.fr\/en\/prices-visiting-times\/#primaryimage\"},\"image\":{\"@id\":\"https:\/\/www.museeducar.fr\/en\/prices-visiting-times\/#primaryimage\"},\"thumbnailUrl\":\"https:\/\/www.museeducar.fr\/wp-content\/uploads\/2023\/01\/separateur-icone-musee-vehicule-ancien-isobloc.png\",\"datePublished\":\"2025-01-16T16:52:54+00:00\",\"dateModified\":\"2025-01-22T09:22:50+00:00\",\"description\":\"Here are our prices and visiting times to discover the coach museum and take a trip back to the past of transport vehicles.\",\"breadcrumb\":{\"@id\":\"https:\/\/www.museeducar.fr\/en\/prices-visiting-times\/#breadcrumb\"},\"inLanguage\":\"en-GB\",\"potentialAction\":[{\"@type\":\"ReadAction\",\"target\":[\"https:\/\/www.museeducar.fr\/en\/prices-visiting-times\/\"]}]},{\"@type\":\"ImageObject\",\"inLanguage\":\"en-GB\",\"@id\":\"https:\/\/www.museeducar.fr\/en\/prices-visiting-times\/#primaryimage\",\"url\":\"https:\/\/www.museeducar.fr\/wp-content\/uploads\/2023\/01\/separateur-icone-musee-vehicule-ancien-isobloc.png\",\"contentUrl\":\"https:\/\/www.museeducar.fr\/wp-content\/uploads\/2023\/01\/separateur-icone-musee-vehicule-ancien-isobloc.png\",\"width\":180,\"height\":48},{\"@type\":\"BreadcrumbList\",\"@id\":\"https:\/\/www.museeducar.fr\/en\/prices-visiting-times\/#breadcrumb\",\"itemListElement\":[{\"@type\":\"ListItem\",\"position\":1,\"name\":\"Accueil\",\"item\":\"https:\/\/www.museeducar.fr\/en\/\"},{\"@type\":\"ListItem\",\"position\":2,\"name\":\"Prices + Visiting times\"}]},{\"@type\":\"WebSite\",\"@id\":\"https:\/\/www.museeducar.fr\/#website\",\"url\":\"https:\/\/www.museeducar.fr\/\",\"name\":\"Mus\u00e9e du car et du charronnage Vanosc\",\"description\":\"\",\"publisher\":{\"@id\":\"https:\/\/www.museeducar.fr\/#organization\"},\"potentialAction\":[{\"@type\":\"SearchAction\",\"target\":{\"@type\":\"EntryPoint\",\"urlTemplate\":\"https:\/\/www.museeducar.fr\/?s={search_term_string}\"},\"query-input\":{\"@type\":\"PropertyValueSpecification\",\"valueRequired\":true,\"valueName\":\"search_term_string\"}}],\"inLanguage\":\"en-GB\"},{\"@type\":\"Organization\",\"@id\":\"https:\/\/www.museeducar.fr\/#organization\",\"name\":\"Mus\u00e9e du car \u00e0 Vanosc\",\"alternateName\":\"Mus\u00e9e du charronnage au car\",\"url\":\"https:\/\/www.museeducar.fr\/\",\"logo\":{\"@type\":\"ImageObject\",\"inLanguage\":\"en-GB\",\"@id\":\"https:\/\/www.museeducar.fr\/#\/schema\/logo\/image\/\",\"url\":\"https:\/\/www.museeducar.fr\/wp-content\/uploads\/2021\/08\/logo-musee-car-joseph-besset-vanosc-blanc-1.png\",\"contentUrl\":\"https:\/\/www.museeducar.fr\/wp-content\/uploads\/2021\/08\/logo-musee-car-joseph-besset-vanosc-blanc-1.png\",\"width\":300,\"height\":293,\"caption\":\"Mus\u00e9e du car \u00e0 Vanosc\"},\"image\":{\"@id\":\"https:\/\/www.museeducar.fr\/#\/schema\/logo\/image\/\"},\"sameAs\":[\"https:\/\/www.facebook.com\/lavanaude\"]}]}<\/script>\n<!-- \/ Yoast SEO plugin. -->","yoast_head_json":{"title":"Prices + Visiting times | Coach & Wheelwright museum (07)","description":"Here are our prices and visiting times to discover the coach museum and take a trip back to the past of transport vehicles.","robots":{"index":"index","follow":"follow","max-snippet":"max-snippet:-1","max-image-preview":"max-image-preview:large","max-video-preview":"max-video-preview:-1"},"canonical":"https:\/\/www.museeducar.fr\/en\/prices-visiting-times\/","og_locale":"en_GB","og_type":"article","og_title":"Prices + Visiting times | Coach & Wheelwright museum (07)","og_description":"Here are our prices and visiting times to discover the coach museum and take a trip back to the past of transport vehicles.","og_url":"https:\/\/www.museeducar.fr\/en\/prices-visiting-times\/","og_site_name":"Mus\u00e9e du car et du charronnage Vanosc","article_publisher":"https:\/\/www.facebook.com\/lavanaude","article_modified_time":"2025-01-22T09:22:50+00:00","og_image":[{"width":1200,"height":628,"url":"https:\/\/www.museeducar.fr\/wp-content\/uploads\/2023\/02\/IE-SITE-MUSEE-DU-CAR-VANOSC.jpg","type":"image\/jpeg"}],"twitter_card":"summary_large_image","twitter_misc":{"Estimated reading time":"2 minutes"},"schema":{"@context":"https:\/\/schema.org","@graph":[{"@type":"WebPage","@id":"https:\/\/www.museeducar.fr\/en\/prices-visiting-times\/","url":"https:\/\/www.museeducar.fr\/en\/prices-visiting-times\/","name":"Prices + Visiting times | Coach & Wheelwright museum (07)","isPartOf":{"@id":"https:\/\/www.museeducar.fr\/#website"},"primaryImageOfPage":{"@id":"https:\/\/www.museeducar.fr\/en\/prices-visiting-times\/#primaryimage"},"image":{"@id":"https:\/\/www.museeducar.fr\/en\/prices-visiting-times\/#primaryimage"},"thumbnailUrl":"https:\/\/www.museeducar.fr\/wp-content\/uploads\/2023\/01\/separateur-icone-musee-vehicule-ancien-isobloc.png","datePublished":"2025-01-16T16:52:54+00:00","dateModified":"2025-01-22T09:22:50+00:00","description":"Here are our prices and visiting times to discover the coach museum and take a trip back to the past of transport vehicles.","breadcrumb":{"@id":"https:\/\/www.museeducar.fr\/en\/prices-visiting-times\/#breadcrumb"},"inLanguage":"en-GB","potentialAction":[{"@type":"ReadAction","target":["https:\/\/www.museeducar.fr\/en\/prices-visiting-times\/"]}]},{"@type":"ImageObject","inLanguage":"en-GB","@id":"https:\/\/www.museeducar.fr\/en\/prices-visiting-times\/#primaryimage","url":"https:\/\/www.museeducar.fr\/wp-content\/uploads\/2023\/01\/separateur-icone-musee-vehicule-ancien-isobloc.png","contentUrl":"https:\/\/www.museeducar.fr\/wp-content\/uploads\/2023\/01\/separateur-icone-musee-vehicule-ancien-isobloc.png","width":180,"height":48},{"@type":"BreadcrumbList","@id":"https:\/\/www.museeducar.fr\/en\/prices-visiting-times\/#breadcrumb","itemListElement":[{"@type":"ListItem","position":1,"name":"Accueil","item":"https:\/\/www.museeducar.fr\/en\/"},{"@type":"ListItem","position":2,"name":"Prices + Visiting times"}]},{"@type":"WebSite","@id":"https:\/\/www.museeducar.fr\/#website","url":"https:\/\/www.museeducar.fr\/","name":"Mus\u00e9e du car et du charronnage Vanosc","description":"","publisher":{"@id":"https:\/\/www.museeducar.fr\/#organization"},"potentialAction":[{"@type":"SearchAction","target":{"@type":"EntryPoint","urlTemplate":"https:\/\/www.museeducar.fr\/?s={search_term_string}"},"query-input":{"@type":"PropertyValueSpecification","valueRequired":true,"valueName":"search_term_string"}}],"inLanguage":"en-GB"},{"@type":"Organization","@id":"https:\/\/www.museeducar.fr\/#organization","name":"Mus\u00e9e du car \u00e0 Vanosc","alternateName":"Mus\u00e9e du charronnage au car","url":"https:\/\/www.museeducar.fr\/","logo":{"@type":"ImageObject","inLanguage":"en-GB","@id":"https:\/\/www.museeducar.fr\/#\/schema\/logo\/image\/","url":"https:\/\/www.museeducar.fr\/wp-content\/uploads\/2021\/08\/logo-musee-car-joseph-besset-vanosc-blanc-1.png","contentUrl":"https:\/\/www.museeducar.fr\/wp-content\/uploads\/2021\/08\/logo-musee-car-joseph-besset-vanosc-blanc-1.png","width":300,"height":293,"caption":"Mus\u00e9e du car \u00e0 Vanosc"},"image":{"@id":"https:\/\/www.museeducar.fr\/#\/schema\/logo\/image\/"},"sameAs":["https:\/\/www.facebook.com\/lavanaude"]}]}},"_links":{"self":[{"href":"https:\/\/www.museeducar.fr\/wp-json\/wp\/v2\/pages\/8324","targetHints":{"allow":["GET"]}}],"collection":[{"href":"https:\/\/www.museeducar.fr\/wp-json\/wp\/v2\/pages"}],"about":[{"href":"https:\/\/www.museeducar.fr\/wp-json\/wp\/v2\/types\/page"}],"author":[{"embeddable":true,"href":"https:\/\/www.museeducar.fr\/wp-json\/wp\/v2\/users\/1"}],"replies":[{"embeddable":true,"href":"https:\/\/www.museeducar.fr\/wp-json\/wp\/v2\/comments?post=8324"}],"version-history":[{"count":11,"href":"https:\/\/www.museeducar.fr\/wp-json\/wp\/v2\/pages\/8324\/revisions"}],"predecessor-version":[{"id":8526,"href":"https:\/\/www.museeducar.fr\/wp-json\/wp\/v2\/pages\/8324\/revisions\/8526"}],"wp:attachment":[{"href":"https:\/\/www.museeducar.fr\/wp-json\/wp\/v2\/media?parent=8324"}],"curies":[{"name":"wp","href":"https:\/\/api.w.org\/{rel}","templated":true}]}}